{"id":2,"date":"2021-01-26T12:46:46","date_gmt":"2021-01-26T12:46:46","guid":{"rendered":"https:\/\/mathieutroquierdakar.alsace\/?page_id=2"},"modified":"2023-01-24T12:17:19","modified_gmt":"2023-01-24T12:17:19","slug":"tutos-video-et-actualites","status":"publish","type":"page","link":"https:\/\/mathieutroquierdakar.alsace\/en\/tutos-video-et-actualites\/","title":{"rendered":"Video tutorials and news"},"content":{"rendered":"<p><section  class='av_textblock_section av-kkjr6ofq-5bb360155f8e5e288cb9f320ff8ea05a'   itemscope=\"itemscope\" itemtype=\"https:\/\/schema.org\/CreativeWork\" ><div class='avia_textblock'  itemprop=\"text\" ><p>Retrouvez ici les vid\u00e9o et tuto qui vont vous aider \u00e0 comprendre le rallye moto et pourquoi pas vous lancer dans l&rsquo;aventure.<br \/>\nN&rsquo;oubliez pas de vous connecter \u00e0 nos r\u00e9seaux sociaux pour recevoir l&rsquo;actualit\u00e9 en temps r\u00e9el.\u00a0<a href=\"https:\/\/www.facebook.com\/MathieuTroquier22\" target=\"_blank\" rel=\"noopener\">\n<style type=\"text\/css\" data-created_by=\"avia_inline_auto\" id=\"style-css-av-38qa-3d0ac2d050d590c61cb2178b4de8c888\">\n.av_font_icon.av-38qa-3d0ac2d050d590c61cb2178b4de8c888 .av-icon-char{\nfont-size:40px;\nline-height:40px;\n}\n<\/style>\n<span  class='av_font_icon av-38qa-3d0ac2d050d590c61cb2178b4de8c888 avia_animate_when_visible av-icon-style- avia-icon-pos-left av-no-color avia-icon-animate'><span class='av-icon-char' aria-hidden='true' data-av_icon='\ue8f5' data-av_iconfont='entypo-fontello' ><\/span><\/span><\/a><\/p>\n<\/div><\/section><br \/>\n\n<style type=\"text\/css\" data-created_by=\"avia_inline_auto\" id=\"style-css-av-a9ik-f8e39c513fbea3d5803025bd51da5144\">\n.flex_column.av-a9ik-f8e39c513fbea3d5803025bd51da5144{\nborder-radius:0px 0px 0px 0px;\npadding:0px 0px 0px 0px;\n}\n<\/style>\n<div  class='flex_column av-a9ik-f8e39c513fbea3d5803025bd51da5144 av_one_half  avia-builder-el-2  el_after_av_textblock  el_before_av_one_half  first flex_column_div av-zero-column-padding  column-top-margin'     ><section  class='av_textblock_section av-kkjshoog-d1ef1fed0a30aa507889e1bfaa40a7dd'   itemscope=\"itemscope\" itemtype=\"https:\/\/schema.org\/CreativeWork\" ><div class='avia_textblock'  itemprop=\"text\" ><p>Mathieu Troquier est pr\u00e9sent sur la vid\u00e9o du Best of Rallye du Maroc 2021<br \/>\n<iframe loading=\"lazy\" src=\"https:\/\/www.facebook.com\/plugins\/video.php?height=314&#038;href=https%3A%2F%2Fwww.facebook.com%2Frallyedumaroc%2Fvideos%2F202608191984322%2F&#038;show_text=false&#038;width=560&#038;t=0\" width=\"560\" height=\"314\" style=\"border:none;overflow:hidden\" scrolling=\"no\" frameborder=\"0\" allowfullscreen=\"true\" allow=\"autoplay; clipboard-write; encrypted-media; picture-in-picture; web-share\"><\/iframe><\/p>\n<\/div><\/section><\/div>\n<style type=\"text\/css\" data-created_by=\"avia_inline_auto\" id=\"style-css-av-a9ik-a0ade484d9d91c7f1b31d987ef2b3183\">\n.flex_column.av-a9ik-a0ade484d9d91c7f1b31d987ef2b3183{\nborder-radius:0px 0px 0px 0px;\npadding:0px 0px 0px 0px;\n}\n<\/style>\n<div  class='flex_column av-a9ik-a0ade484d9d91c7f1b31d987ef2b3183 av_one_half  avia-builder-el-4  el_after_av_one_half  el_before_av_one_half  flex_column_div av-zero-column-padding  column-top-margin'     ><section  class='av_textblock_section av-kkjshoog-d1ef1fed0a30aa507889e1bfaa40a7dd'   itemscope=\"itemscope\" itemtype=\"https:\/\/schema.org\/CreativeWork\" ><div class='avia_textblock'  itemprop=\"text\" ><p>La KTM 450 Rallye r\u00e9plica de Mathieu Troquier<br \/>\n<iframe loading=\"lazy\" src=\"https:\/\/www.youtube.com\/embed\/a2qtCDFQin4\" width=\"560\" height=\"315\" frameborder=\"0\" allowfullscreen=\"allowfullscreen\"><\/iframe><\/p>\n<\/div><\/section><\/div>\n<style type=\"text\/css\" data-created_by=\"avia_inline_auto\" id=\"style-css-av-a9ik-f8e39c513fbea3d5803025bd51da5144\">\n.flex_column.av-a9ik-f8e39c513fbea3d5803025bd51da5144{\nborder-radius:0px 0px 0px 0px;\npadding:0px 0px 0px 0px;\n}\n<\/style>\n<div  class='flex_column av-a9ik-f8e39c513fbea3d5803025bd51da5144 av_one_half  avia-builder-el-6  el_after_av_one_half  el_before_av_one_half  first flex_column_div av-zero-column-padding  column-top-margin'     ><section  class='av_textblock_section av-kkjshoog-d1ef1fed0a30aa507889e1bfaa40a7dd'   itemscope=\"itemscope\" itemtype=\"https:\/\/schema.org\/CreativeWork\" ><div class='avia_textblock'  itemprop=\"text\" ><p>Le retour en image sur sur DUAL SLALOM du SCHLUMPF by REVERSE COMPONENTS<br \/>\n<iframe loading=\"lazy\" src=\"https:\/\/www.youtube.com\/embed\/qOtYnOrizgs\" width=\"560\" height=\"315\" frameborder=\"0\" allowfullscreen=\"allowfullscreen\"><\/iframe><\/p>\n<\/div><\/section><\/div><br \/>\n\n<style type=\"text\/css\" data-created_by=\"avia_inline_auto\" id=\"style-css-av-a9ik-a0ade484d9d91c7f1b31d987ef2b3183\">\n.flex_column.av-a9ik-a0ade484d9d91c7f1b31d987ef2b3183{\nborder-radius:0px 0px 0px 0px;\npadding:0px 0px 0px 0px;\n}\n<\/style>\n<div  class='flex_column av-a9ik-a0ade484d9d91c7f1b31d987ef2b3183 av_one_half  avia-builder-el-8  el_after_av_one_half  el_before_av_one_half  flex_column_div av-zero-column-padding  column-top-margin'     ><section  class='av_textblock_section av-kkjshoog-d1ef1fed0a30aa507889e1bfaa40a7dd'   itemscope=\"itemscope\" itemtype=\"https:\/\/schema.org\/CreativeWork\" ><div class='avia_textblock'  itemprop=\"text\" ><p>Mathieu vous pr\u00e9sente les outils de navigation.<br \/>\n<iframe loading=\"lazy\" src=\"https:\/\/www.youtube.com\/embed\/BZNDb2XMZZ4\" width=\"560\" height=\"315\" frameborder=\"0\" allowfullscreen=\"allowfullscreen\"><\/iframe><\/p>\n<\/div><\/section><\/div><br \/>\n\n<style type=\"text\/css\" data-created_by=\"avia_inline_auto\" id=\"style-css-av-70ak-61830f7eeeffe0be71511aaefc11d8c8\">\n.flex_column.av-70ak-61830f7eeeffe0be71511aaefc11d8c8{\nborder-radius:0px 0px 0px 0px;\npadding:0px 0px 0px 0px;\n}\n<\/style>\n<div  class='flex_column av-70ak-61830f7eeeffe0be71511aaefc11d8c8 av_one_half  avia-builder-el-10  el_after_av_one_half  el_before_av_one_half  first flex_column_div av-zero-column-padding  column-top-margin'     ><section  class='av_textblock_section av-kkjshoog-d1ef1fed0a30aa507889e1bfaa40a7dd'   itemscope=\"itemscope\" itemtype=\"https:\/\/schema.org\/CreativeWork\" ><div class='avia_textblock'  itemprop=\"text\" ><p>Les points de passage (waypoints) au Dakar<br \/>\n<iframe loading=\"lazy\" src=\"https:\/\/www.youtube.com\/embed\/7NqKoFnlZb8\" width=\"560\" height=\"315\" frameborder=\"0\" allowfullscreen=\"allowfullscreen\"><\/iframe><\/p>\n<\/div><\/section><\/div><br \/>\n\n<style type=\"text\/css\" data-created_by=\"avia_inline_auto\" id=\"style-css-av-6d3k-e9a76dac6100fe398a11cca9d66328b4\">\n.flex_column.av-6d3k-e9a76dac6100fe398a11cca9d66328b4{\nborder-radius:0px 0px 0px 0px;\npadding:0px 0px 0px 0px;\n}\n<\/style>\n<div  class='flex_column av-6d3k-e9a76dac6100fe398a11cca9d66328b4 av_one_half  avia-builder-el-12  el_after_av_one_half  el_before_av_one_half  flex_column_div av-zero-column-padding  column-top-margin'     ><section  class='av_textblock_section av-kkjshoog-d1ef1fed0a30aa507889e1bfaa40a7dd'   itemscope=\"itemscope\" itemtype=\"https:\/\/schema.org\/CreativeWork\" ><div class='avia_textblock'  itemprop=\"text\" ><p>Roadbook raid et roadbook rallye, points communs et diff\u00e9rences<br \/>\n<iframe loading=\"lazy\" src=\"https:\/\/www.youtube.com\/embed\/pMNKkLCWCfY\" width=\"560\" height=\"315\" frameborder=\"0\" allowfullscreen=\"allowfullscreen\"><\/iframe><\/p>\n<\/div><\/section><\/div><br \/>\n\n<style type=\"text\/css\" data-created_by=\"avia_inline_auto\" id=\"style-css-av-2h30-2e36e8eb5fd24de9dd546f2b5e42d801\">\n.flex_column.av-2h30-2e36e8eb5fd24de9dd546f2b5e42d801{\nborder-radius:0px 0px 0px 0px;\npadding:0px 0px 0px 0px;\n}\n<\/style>\n<div  class='flex_column av-2h30-2e36e8eb5fd24de9dd546f2b5e42d801 av_one_half  avia-builder-el-14  el_after_av_one_half  el_before_av_one_half  first flex_column_div av-zero-column-padding  column-top-margin'     ><section  class='av_textblock_section av-kkjshoog-d1ef1fed0a30aa507889e1bfaa40a7dd'   itemscope=\"itemscope\" itemtype=\"https:\/\/schema.org\/CreativeWork\" ><div class='avia_textblock'  itemprop=\"text\" ><p>Roadbook, mode d&#8217;emploi par France-Tv Sport<br \/>\n<iframe loading=\"lazy\" src=\"https:\/\/www.youtube.com\/embed\/7AVDE3b0tbg\" width=\"560\" height=\"315\" frameborder=\"0\" allowfullscreen=\"allowfullscreen\"><\/iframe><\/p>\n<\/div><\/section><\/div><br \/>\n<section  class='av_textblock_section av-kkk1gfmv-dcdb36a2b2f8e26c8fa8a19e460fdc08'   itemscope=\"itemscope\" itemtype=\"https:\/\/schema.org\/CreativeWork\" ><div class='avia_textblock'  itemprop=\"text\" ><p>Si vous avez des demandes particuli\u00e8res ou des suggestions de tutos, n&rsquo;h\u00e9sitez pas \u00e0 contacter Mathieu direction via les r\u00e9seaux sociaux.<\/p>\n<\/div><\/section><\/p>","protected":false},"excerpt":{"rendered":"","protected":false},"author":1,"featured_media":0,"parent":0,"menu_order":0,"comment_status":"closed","ping_status":"closed","template":"","meta":{"footnotes":""},"class_list":["post-2","page","type-page","status-publish","hentry"],"yoast_head":"<!-- This site is optimized with the Yoast SEO plugin v27.1.1 - https:\/\/yoast.com\/product\/yoast-seo-wordpress\/ -->\n<title>Tutos vid\u00e9o et actualit\u00e9s - Mathieu Troquier DAKAR<\/title>\n<meta name=\"description\" content=\"D\u00e9couvrez les coulisses du rallye moto et des raids avec Mathieu. Il partage ses exp\u00e9riences en vid\u00e9o et \u00e0 travers divers tuto.\" \/>\n<meta name=\"robots\" content=\"index, follow, max-snippet:-1, max-image-preview:large, max-video-preview:-1\" \/>\n<link rel=\"canonical\" href=\"https:\/\/mathieutroquierdakar.alsace\/en\/tutos-video-et-actualites\/\" \/>\n<meta property=\"og:locale\" content=\"en_US\" \/>\n<meta property=\"og:type\" content=\"article\" \/>\n<meta property=\"og:title\" content=\"Tutos vid\u00e9o et actualit\u00e9s - Mathieu Troquier DAKAR\" \/>\n<meta property=\"og:description\" content=\"D\u00e9couvrez les coulisses du rallye moto et des raids avec Mathieu. Il partage ses exp\u00e9riences en vid\u00e9o et \u00e0 travers divers tuto.\" \/>\n<meta property=\"og:url\" content=\"https:\/\/mathieutroquierdakar.alsace\/en\/tutos-video-et-actualites\/\" \/>\n<meta property=\"og:site_name\" content=\"Mathieu Troquier DAKAR\" \/>\n<meta property=\"article:publisher\" content=\"https:\/\/www.facebook.com\/MathieuTroquier22\" \/>\n<meta property=\"article:modified_time\" content=\"2023-01-24T12:17:19+00:00\" \/>\n<meta name=\"twitter:card\" content=\"summary_large_image\" \/>\n<meta name=\"twitter:label1\" content=\"Est. reading time\" \/>\n\t<meta name=\"twitter:data1\" content=\"3 minutes\" \/>\n<script type=\"application\/ld+json\" class=\"yoast-schema-graph\">{\"@context\":\"https:\/\/schema.org\",\"@graph\":[{\"@type\":\"WebPage\",\"@id\":\"https:\/\/mathieutroquierdakar.alsace\/tutos-video-et-actualites\/\",\"url\":\"https:\/\/mathieutroquierdakar.alsace\/tutos-video-et-actualites\/\",\"name\":\"Tutos vid\u00e9o et actualit\u00e9s - Mathieu Troquier DAKAR\",\"isPartOf\":{\"@id\":\"https:\/\/mathieutroquierdakar.alsace\/#website\"},\"datePublished\":\"2021-01-26T12:46:46+00:00\",\"dateModified\":\"2023-01-24T12:17:19+00:00\",\"description\":\"D\u00e9couvrez les coulisses du rallye moto et des raids avec Mathieu. Il partage ses exp\u00e9riences en vid\u00e9o et \u00e0 travers divers tuto.\",\"breadcrumb\":{\"@id\":\"https:\/\/mathieutroquierdakar.alsace\/tutos-video-et-actualites\/#breadcrumb\"},\"inLanguage\":\"en-US\",\"potentialAction\":[{\"@type\":\"ReadAction\",\"target\":[\"https:\/\/mathieutroquierdakar.alsace\/tutos-video-et-actualites\/\"]}]},{\"@type\":\"BreadcrumbList\",\"@id\":\"https:\/\/mathieutroquierdakar.alsace\/tutos-video-et-actualites\/#breadcrumb\",\"itemListElement\":[{\"@type\":\"ListItem\",\"position\":1,\"name\":\"Home\",\"item\":\"https:\/\/mathieutroquierdakar.alsace\/mathieu-troquier-objectif-dakar-2023\/\"},{\"@type\":\"ListItem\",\"position\":2,\"name\":\"Tutos vid\u00e9o et actualit\u00e9s\"}]},{\"@type\":\"WebSite\",\"@id\":\"https:\/\/mathieutroquierdakar.alsace\/#website\",\"url\":\"https:\/\/mathieutroquierdakar.alsace\/\",\"name\":\"Mathieu Troquier DAKAR\",\"description\":\"Un alsacien au Dakar 2026\",\"publisher\":{\"@id\":\"https:\/\/mathieutroquierdakar.alsace\/#organization\"},\"potentialAction\":[{\"@type\":\"SearchAction\",\"target\":{\"@type\":\"EntryPoint\",\"urlTemplate\":\"https:\/\/mathieutroquierdakar.alsace\/?s={search_term_string}\"},\"query-input\":{\"@type\":\"PropertyValueSpecification\",\"valueRequired\":true,\"valueName\":\"search_term_string\"}}],\"inLanguage\":\"en-US\"},{\"@type\":\"Organization\",\"@id\":\"https:\/\/mathieutroquierdakar.alsace\/#organization\",\"name\":\"Mathieu Troquier DAKAR\",\"url\":\"https:\/\/mathieutroquierdakar.alsace\/\",\"logo\":{\"@type\":\"ImageObject\",\"inLanguage\":\"en-US\",\"@id\":\"https:\/\/mathieutroquierdakar.alsace\/#\/schema\/logo\/image\/\",\"url\":\"https:\/\/i0.wp.com\/mathieutroquierdakar.alsace\/wp-content\/uploads\/2021\/01\/Fichier-1-1.png?fit=382%2C170&ssl=1\",\"contentUrl\":\"https:\/\/i0.wp.com\/mathieutroquierdakar.alsace\/wp-content\/uploads\/2021\/01\/Fichier-1-1.png?fit=382%2C170&ssl=1\",\"width\":382,\"height\":170,\"caption\":\"Mathieu Troquier DAKAR\"},\"image\":{\"@id\":\"https:\/\/mathieutroquierdakar.alsace\/#\/schema\/logo\/image\/\"},\"sameAs\":[\"https:\/\/www.facebook.com\/MathieuTroquier22\",\"https:\/\/www.instagram.com\/mathieutroquier\"]}]}<\/script>\n<!-- \/ Yoast SEO plugin. -->","yoast_head_json":{"title":"Tutos vid\u00e9o et actualit\u00e9s - Mathieu Troquier DAKAR","description":"D\u00e9couvrez les coulisses du rallye moto et des raids avec Mathieu. Il partage ses exp\u00e9riences en vid\u00e9o et \u00e0 travers divers tuto.","robots":{"index":"index","follow":"follow","max-snippet":"max-snippet:-1","max-image-preview":"max-image-preview:large","max-video-preview":"max-video-preview:-1"},"canonical":"https:\/\/mathieutroquierdakar.alsace\/en\/tutos-video-et-actualites\/","og_locale":"en_US","og_type":"article","og_title":"Tutos vid\u00e9o et actualit\u00e9s - Mathieu Troquier DAKAR","og_description":"D\u00e9couvrez les coulisses du rallye moto et des raids avec Mathieu. Il partage ses exp\u00e9riences en vid\u00e9o et \u00e0 travers divers tuto.","og_url":"https:\/\/mathieutroquierdakar.alsace\/en\/tutos-video-et-actualites\/","og_site_name":"Mathieu Troquier DAKAR","article_publisher":"https:\/\/www.facebook.com\/MathieuTroquier22","article_modified_time":"2023-01-24T12:17:19+00:00","twitter_card":"summary_large_image","twitter_misc":{"Est. reading time":"3 minutes"},"schema":{"@context":"https:\/\/schema.org","@graph":[{"@type":"WebPage","@id":"https:\/\/mathieutroquierdakar.alsace\/tutos-video-et-actualites\/","url":"https:\/\/mathieutroquierdakar.alsace\/tutos-video-et-actualites\/","name":"Tutos vid\u00e9o et actualit\u00e9s - Mathieu Troquier DAKAR","isPartOf":{"@id":"https:\/\/mathieutroquierdakar.alsace\/#website"},"datePublished":"2021-01-26T12:46:46+00:00","dateModified":"2023-01-24T12:17:19+00:00","description":"D\u00e9couvrez les coulisses du rallye moto et des raids avec Mathieu. Il partage ses exp\u00e9riences en vid\u00e9o et \u00e0 travers divers tuto.","breadcrumb":{"@id":"https:\/\/mathieutroquierdakar.alsace\/tutos-video-et-actualites\/#breadcrumb"},"inLanguage":"en-US","potentialAction":[{"@type":"ReadAction","target":["https:\/\/mathieutroquierdakar.alsace\/tutos-video-et-actualites\/"]}]},{"@type":"BreadcrumbList","@id":"https:\/\/mathieutroquierdakar.alsace\/tutos-video-et-actualites\/#breadcrumb","itemListElement":[{"@type":"ListItem","position":1,"name":"Home","item":"https:\/\/mathieutroquierdakar.alsace\/mathieu-troquier-objectif-dakar-2023\/"},{"@type":"ListItem","position":2,"name":"Tutos vid\u00e9o et actualit\u00e9s"}]},{"@type":"WebSite","@id":"https:\/\/mathieutroquierdakar.alsace\/#website","url":"https:\/\/mathieutroquierdakar.alsace\/","name":"Mathieu Troquier DAKAR","description":"Un alsacien au Dakar 2026","publisher":{"@id":"https:\/\/mathieutroquierdakar.alsace\/#organization"},"potentialAction":[{"@type":"SearchAction","target":{"@type":"EntryPoint","urlTemplate":"https:\/\/mathieutroquierdakar.alsace\/?s={search_term_string}"},"query-input":{"@type":"PropertyValueSpecification","valueRequired":true,"valueName":"search_term_string"}}],"inLanguage":"en-US"},{"@type":"Organization","@id":"https:\/\/mathieutroquierdakar.alsace\/#organization","name":"Mathieu Troquier DAKAR","url":"https:\/\/mathieutroquierdakar.alsace\/","logo":{"@type":"ImageObject","inLanguage":"en-US","@id":"https:\/\/mathieutroquierdakar.alsace\/#\/schema\/logo\/image\/","url":"https:\/\/i0.wp.com\/mathieutroquierdakar.alsace\/wp-content\/uploads\/2021\/01\/Fichier-1-1.png?fit=382%2C170&ssl=1","contentUrl":"https:\/\/i0.wp.com\/mathieutroquierdakar.alsace\/wp-content\/uploads\/2021\/01\/Fichier-1-1.png?fit=382%2C170&ssl=1","width":382,"height":170,"caption":"Mathieu Troquier DAKAR"},"image":{"@id":"https:\/\/mathieutroquierdakar.alsace\/#\/schema\/logo\/image\/"},"sameAs":["https:\/\/www.facebook.com\/MathieuTroquier22","https:\/\/www.instagram.com\/mathieutroquier"]}]}},"jetpack_sharing_enabled":true,"_links":{"self":[{"href":"https:\/\/mathieutroquierdakar.alsace\/en\/wp-json\/wp\/v2\/pages\/2","targetHints":{"allow":["GET"]}}],"collection":[{"href":"https:\/\/mathieutroquierdakar.alsace\/en\/wp-json\/wp\/v2\/pages"}],"about":[{"href":"https:\/\/mathieutroquierdakar.alsace\/en\/wp-json\/wp\/v2\/types\/page"}],"author":[{"embeddable":true,"href":"https:\/\/mathieutroquierdakar.alsace\/en\/wp-json\/wp\/v2\/users\/1"}],"replies":[{"embeddable":true,"href":"https:\/\/mathieutroquierdakar.alsace\/en\/wp-json\/wp\/v2\/comments?post=2"}],"version-history":[{"count":13,"href":"https:\/\/mathieutroquierdakar.alsace\/en\/wp-json\/wp\/v2\/pages\/2\/revisions"}],"predecessor-version":[{"id":643,"href":"https:\/\/mathieutroquierdakar.alsace\/en\/wp-json\/wp\/v2\/pages\/2\/revisions\/643"}],"wp:attachment":[{"href":"https:\/\/mathieutroquierdakar.alsace\/en\/wp-json\/wp\/v2\/media?parent=2"}],"curies":[{"name":"wp","href":"https:\/\/api.w.org\/{rel}","templated":true}]}}