{"id":528,"date":"2021-05-04T13:50:54","date_gmt":"2021-05-04T13:50:54","guid":{"rendered":"https:\/\/mathieutroquierdakar.alsace\/?page_id=528"},"modified":"2021-11-17T13:43:50","modified_gmt":"2021-11-17T13:43:50","slug":"revue-de-presse","status":"publish","type":"page","link":"https:\/\/mathieutroquierdakar.alsace\/en\/revue-de-presse\/","title":{"rendered":"Press reviews"},"content":{"rendered":"<style type=\"text\/css\" data-created_by=\"avia_inline_auto\" id=\"style-css-av-1abug-68fc897ca1d101fa6481eed15833f5a4\">\n.flex_column.av-1abug-68fc897ca1d101fa6481eed15833f5a4{\nborder-radius:0px 0px 0px 0px;\npadding:0px 0px 0px 0px;\n}\n<\/style>\n<div  class='flex_column av-1abug-68fc897ca1d101fa6481eed15833f5a4 av_one_half  avia-builder-el-0  el_before_av_one_half  avia-builder-el-first  first flex_column_div av-zero-column-padding'     ><p>\n<style type=\"text\/css\" data-created_by=\"avia_inline_auto\" id=\"style-css-av-koa3af1o-d1431f23a7add29760a7dd4686ae3d5f\">\n#top .av-special-heading.av-koa3af1o-d1431f23a7add29760a7dd4686ae3d5f{\npadding-bottom:10px;\n}\nbody .av-special-heading.av-koa3af1o-d1431f23a7add29760a7dd4686ae3d5f .av-special-heading-tag .heading-char{\nfont-size:25px;\n}\n.av-special-heading.av-koa3af1o-d1431f23a7add29760a7dd4686ae3d5f .av-subheading{\nfont-size:15px;\n}\n<\/style>\n<div  class='av-special-heading av-koa3af1o-d1431f23a7add29760a7dd4686ae3d5f av-special-heading-h3  avia-builder-el-1  el_before_av_textblock  avia-builder-el-first'><h3 class='av-special-heading-tag'  itemprop=\"headline\"  >Journal l\u2019Alsace du 3 mai 2021<\/h3><div class=\"special-heading-border\"><div class=\"special-heading-inner-border\"><\/div><\/div><\/div><br \/>\n<section  class='av_textblock_section av-koa35eo4-7d5a17afdca900ff9a2adc97ccbd321b'   itemscope=\"itemscope\" itemtype=\"https:\/\/schema.org\/CreativeWork\" ><div class='avia_textblock'  itemprop=\"text\" ><p>La presse r\u00e9gionale donne une belle visibilit\u00e9 au projet Dakar de Mathieu Troquier.<\/p>\n<p>Un article de presse d\u00e9taill\u00e9, une vid\u00e9o en ligne sur le site officiel du journal, un encart en une et des PLV devant les points de vente.<\/p>\n<\/div><\/section><\/p><\/div>\n\n<style type=\"text\/css\" data-created_by=\"avia_inline_auto\" id=\"style-css-av-1jgjs-e7a05fcc1389e49b633f0d744895c5c6\">\n.flex_column.av-1jgjs-e7a05fcc1389e49b633f0d744895c5c6{\nborder-radius:0px 0px 0px 0px;\npadding:0px 0px 0px 0px;\n}\n<\/style>\n<div  class='flex_column av-1jgjs-e7a05fcc1389e49b633f0d744895c5c6 av_one_half  avia-builder-el-3  el_after_av_one_half  el_before_av_one_half  flex_column_div av-zero-column-padding'     ><style type=\"text\/css\" data-created_by=\"avia_inline_auto\" id=\"style-css-av-koa33ikx-d23dda77d3f7605f486943d7e5d48559\">\n.avia-image-container.av-koa33ikx-d23dda77d3f7605f486943d7e5d48559 img.avia_image{\nbox-shadow:none;\n}\n.avia-image-container.av-koa33ikx-d23dda77d3f7605f486943d7e5d48559 .av-image-caption-overlay-center{\ncolor:#ffffff;\n}\n<\/style>\n<div  class='avia-image-container av-koa33ikx-d23dda77d3f7605f486943d7e5d48559 av-styling- avia-align-center  avia-builder-el-4  avia-builder-el-no-sibling'   itemprop=\"image\" itemscope=\"itemscope\" itemtype=\"https:\/\/schema.org\/ImageObject\" ><div class=\"avia-image-container-inner\"><div class=\"avia-image-overlay-wrap\"><img decoding=\"async\" fetchpriority=\"high\" class='wp-image-529 avia-img-lazy-loading-not-529 avia_image' src=\"https:\/\/i0.wp.com\/mathieutroquierdakar.alsace\/wp-content\/uploads\/2021\/05\/article-journal-lalsace-3-mai-2021.jpg?fit=300%2C225&ssl=1\" alt='' title='article journal l&#039;alsace - 3 mai 2021'  height=\"225\" width=\"300\"  itemprop=\"thumbnailUrl\" srcset=\"https:\/\/i0.wp.com\/mathieutroquierdakar.alsace\/wp-content\/uploads\/2021\/05\/article-journal-lalsace-3-mai-2021.jpg?w=2048&amp;ssl=1 2048w, https:\/\/i0.wp.com\/mathieutroquierdakar.alsace\/wp-content\/uploads\/2021\/05\/article-journal-lalsace-3-mai-2021.jpg?resize=300%2C225&amp;ssl=1 300w, https:\/\/i0.wp.com\/mathieutroquierdakar.alsace\/wp-content\/uploads\/2021\/05\/article-journal-lalsace-3-mai-2021.jpg?resize=1030%2C773&amp;ssl=1 1030w, https:\/\/i0.wp.com\/mathieutroquierdakar.alsace\/wp-content\/uploads\/2021\/05\/article-journal-lalsace-3-mai-2021.jpg?resize=768%2C576&amp;ssl=1 768w, https:\/\/i0.wp.com\/mathieutroquierdakar.alsace\/wp-content\/uploads\/2021\/05\/article-journal-lalsace-3-mai-2021.jpg?resize=1536%2C1152&amp;ssl=1 1536w, https:\/\/i0.wp.com\/mathieutroquierdakar.alsace\/wp-content\/uploads\/2021\/05\/article-journal-lalsace-3-mai-2021.jpg?resize=1500%2C1125&amp;ssl=1 1500w, https:\/\/i0.wp.com\/mathieutroquierdakar.alsace\/wp-content\/uploads\/2021\/05\/article-journal-lalsace-3-mai-2021.jpg?resize=705%2C529&amp;ssl=1 705w\" sizes=\"(max-width: 300px) 100vw, 300px\" \/><\/div><\/div><\/div><\/div>\n\n<style type=\"text\/css\" data-created_by=\"avia_inline_auto\" id=\"style-css-av-b7xaw-3bd66f0b1d880421694014cd4b71e6d4\">\n.flex_column.av-b7xaw-3bd66f0b1d880421694014cd4b71e6d4{\nborder-radius:0px 0px 0px 0px;\npadding:0px 0px 0px 0px;\n}\n<\/style>\n<div  class='flex_column av-b7xaw-3bd66f0b1d880421694014cd4b71e6d4 av_one_half  avia-builder-el-5  el_after_av_one_half  el_before_av_one_half  first flex_column_div av-zero-column-padding  column-top-margin'     ><style type=\"text\/css\" data-created_by=\"avia_inline_auto\" id=\"style-css-av-koa33ikx-9958c3849ba688dbc2da860896d60ecd\">\n.avia-image-container.av-koa33ikx-9958c3849ba688dbc2da860896d60ecd img.avia_image{\nbox-shadow:none;\n}\n.avia-image-container.av-koa33ikx-9958c3849ba688dbc2da860896d60ecd .av-image-caption-overlay-center{\ncolor:#ffffff;\n}\n<\/style>\n<div  class='avia-image-container av-koa33ikx-9958c3849ba688dbc2da860896d60ecd av-styling- avia-align-center  avia-builder-el-6  avia-builder-el-no-sibling'   itemprop=\"image\" itemscope=\"itemscope\" itemtype=\"https:\/\/schema.org\/ImageObject\" ><div class=\"avia-image-container-inner\"><div class=\"avia-image-overlay-wrap\"><img decoding=\"async\" fetchpriority=\"high\" class='wp-image-530 avia-img-lazy-loading-not-530 avia_image' src=\"https:\/\/i0.wp.com\/mathieutroquierdakar.alsace\/wp-content\/uploads\/2021\/05\/plv-journal-lalsace-3-mai-2021.jpg?fit=225%2C300&ssl=1\" alt='' title='plv - journal l&#039;alsace - 3 mai 2021'  height=\"300\" width=\"225\"  itemprop=\"thumbnailUrl\" srcset=\"https:\/\/i0.wp.com\/mathieutroquierdakar.alsace\/wp-content\/uploads\/2021\/05\/plv-journal-lalsace-3-mai-2021.jpg?w=480&amp;ssl=1 480w, https:\/\/i0.wp.com\/mathieutroquierdakar.alsace\/wp-content\/uploads\/2021\/05\/plv-journal-lalsace-3-mai-2021.jpg?resize=225%2C300&amp;ssl=1 225w\" sizes=\"(max-width: 225px) 100vw, 225px\" \/><\/div><\/div><\/div><\/div>\n\n<style type=\"text\/css\" data-created_by=\"avia_inline_auto\" id=\"style-css-av-6m6hc-63fff50f94abac07481e3f2dcfdc6a8e\">\n.flex_column.av-6m6hc-63fff50f94abac07481e3f2dcfdc6a8e{\nborder-radius:0px 0px 0px 0px;\npadding:0px 0px 0px 0px;\n}\n<\/style>\n<div  class='flex_column av-6m6hc-63fff50f94abac07481e3f2dcfdc6a8e av_one_half  avia-builder-el-7  el_after_av_one_half  el_before_av_hr  flex_column_div av-zero-column-padding  column-top-margin'     ><div  class='avia-video av-koa369rs-7b372651ece96f30ff1796ac417aa181 avia-video-16-9 av-no-preview-image avia-video-load-always avia-video-html5'  itemprop=\"video\" itemtype=\"https:\/\/schema.org\/VideoObject\"  data-original_url='https:\/\/mathieutroquierdakar.alsace\/wp-content\/uploads\/2021\/05\/eb730d97f01e9e5b6b4e16c1a99acf0218bac24c.mp4'><video class='avia_video'    preload=\"auto\"  controls id='player_528_1346733466_310284979'><source src='https:\/\/mathieutroquierdakar.alsace\/wp-content\/uploads\/2021\/05\/eb730d97f01e9e5b6b4e16c1a99acf0218bac24c.mp4' type='video\/mp4' \/><\/video><\/div><\/div>\n<div  class='hr av-av_hr-7bacd336e8c7b574fdeac16e430feaa5 hr-default  avia-builder-el-9  el_after_av_one_half  el_before_av_blog'><span class='hr-inner'><span class=\"hr-inner-style\"><\/span><\/span><\/div>\n<div  data-slideshow-options=\"{&quot;animation&quot;:&quot;fade&quot;,&quot;autoplay&quot;:false,&quot;loop_autoplay&quot;:&quot;once&quot;,&quot;interval&quot;:5,&quot;loop_manual&quot;:&quot;manual-endless&quot;,&quot;autoplay_stopper&quot;:false,&quot;noNavigation&quot;:false,&quot;show_slide_delay&quot;:90}\" class='avia-content-slider avia-content-grid-active avia-content-slider1 avia-content-slider-odd  avia-builder-el-10  el_after_av_hr  avia-builder-el-last  av-slideshow-ui av-control-default   av-no-slider-navigation av-slideshow-manual av-loop-once av-loop-manual-endless'  itemscope=\"itemscope\" itemtype=\"https:\/\/schema.org\/Blog\" ><div class=\"avia-content-slider-inner\"><div class=\"slide-entry-wrap\"><article class='slide-entry flex_column  post-entry post-entry-722 slide-entry-overview slide-loop-1 slide-parity-odd  av_one_third first real-thumbnail posttype-post post-format-standard'  itemscope=\"itemscope\" itemtype=\"https:\/\/schema.org\/CreativeWork\" ><a href='https:\/\/mathieutroquierdakar.alsace\/en\/le-rallye-du-maroc-2021-en-photos\/' data-rel='slide-1' class='slide-image' title='Le Rallye du Maroc 2021 en photos'><img decoding=\"async\" fetchpriority=\"high\" width=\"495\" height=\"400\" src=\"https:\/\/i0.wp.com\/mathieutroquierdakar.alsace\/wp-content\/uploads\/2021\/11\/RC19383-scaled.jpg?resize=495%2C400&amp;ssl=1\" class=\"wp-image-625 avia-img-lazy-loading-not-625 attachment-portfolio size-portfolio wp-post-image\" alt=\"\" srcset=\"https:\/\/i0.wp.com\/mathieutroquierdakar.alsace\/wp-content\/uploads\/2021\/11\/RC19383-scaled.jpg?resize=495%2C400&amp;ssl=1 495w, https:\/\/i0.wp.com\/mathieutroquierdakar.alsace\/wp-content\/uploads\/2021\/11\/RC19383-scaled.jpg?resize=845%2C684&amp;ssl=1 845w, https:\/\/i0.wp.com\/mathieutroquierdakar.alsace\/wp-content\/uploads\/2021\/11\/RC19383-scaled.jpg?zoom=2&amp;resize=495%2C400&amp;ssl=1 990w, https:\/\/i0.wp.com\/mathieutroquierdakar.alsace\/wp-content\/uploads\/2021\/11\/RC19383-scaled.jpg?zoom=3&amp;resize=495%2C400&amp;ssl=1 1485w\" sizes=\"(max-width: 495px) 100vw, 495px\" \/><\/a><div class=\"slide-content\"><header class=\"entry-content-header\" aria-label=\"Slide: Le Rallye du Maroc 2021 en photos\"><h3 class='slide-entry-title entry-title'  itemprop=\"headline\" ><a href='https:\/\/mathieutroquierdakar.alsace\/en\/le-rallye-du-maroc-2021-en-photos\/' title='Le Rallye du Maroc 2021 en photos'>Le Rallye du Maroc 2021 en photos<\/a><\/h3><span class=\"blog-categories minor-meta\"><a href=\"https:\/\/mathieutroquierdakar.alsace\/en\/category\/actualites\/\" rel=\"tag\">Actualit\u00e9s<\/a> <\/span><span class=\"av-vertical-delimiter\"><\/span><\/header><div class='slide-entry-excerpt entry-content'  itemprop=\"text\" >\n\n<div class=\"read-more-link\"><a href=\"https:\/\/mathieutroquierdakar.alsace\/en\/le-rallye-du-maroc-2021-en-photos\/\" class=\"more-link\">Read more<span class=\"more-link-arrow\"><\/span><\/a><\/div><\/div><\/div><footer class=\"entry-footer\"><div class=\"slide-meta\"><time class='slide-meta-time updated'  itemprop=\"datePublished\" datetime=\"2021-11-17T13:40:57+00:00\" >November 17, 2021<\/time><\/div><\/footer><span class='hidden'>\n\t\t\t\t<span class='av-structured-data'  itemprop=\"image\" itemscope=\"itemscope\" itemtype=\"https:\/\/schema.org\/ImageObject\" >\n\t\t\t\t\t\t<span itemprop='url'>https:\/\/i0.wp.com\/mathieutroquierdakar.alsace\/wp-content\/uploads\/2021\/11\/RC19383-scaled.jpg?fit=2560%2C1707&ssl=1<\/span>\n\t\t\t\t\t\t<span itemprop='height'>1707<\/span>\n\t\t\t\t\t\t<span itemprop='width'>2560<\/span>\n\t\t\t\t<\/span>\n\t\t\t\t<span class='av-structured-data'  itemprop=\"publisher\" itemtype=\"https:\/\/schema.org\/Organization\" itemscope=\"itemscope\" >\n\t\t\t\t\t\t<span itemprop='name'>admin<\/span>\n\t\t\t\t\t\t<span itemprop='logo' itemscope itemtype='https:\/\/schema.org\/ImageObject'>\n\t\t\t\t\t\t\t<span itemprop='url'>https:\/\/mathieutroquierdakar.alsace\/wp-content\/uploads\/2021\/01\/Fichier-1-1.png<\/span>\n\t\t\t\t\t\t<\/span>\n\t\t\t\t<\/span><span class='av-structured-data'  itemprop=\"author\" itemscope=\"itemscope\" itemtype=\"https:\/\/schema.org\/Person\" ><span itemprop='name'>admin<\/span><\/span><span class='av-structured-data'  itemprop=\"datePublished\" datetime=\"2021-05-04T13:50:54+00:00\" >2021-11-17 13:40:57<\/span><span class='av-structured-data'  itemprop=\"dateModified\" itemtype=\"https:\/\/schema.org\/dateModified\" >2021-11-17 13:43:27<\/span><span class='av-structured-data'  itemprop=\"mainEntityOfPage\" itemtype=\"https:\/\/schema.org\/mainEntityOfPage\" ><span itemprop='name'>Le Rallye du Maroc 2021 en photos<\/span><\/span><\/span><\/article><article class='slide-entry flex_column  post-entry post-entry-709 slide-entry-overview slide-loop-2 slide-parity-even  post-entry-last  av_one_third  real-thumbnail posttype-post post-format-standard'  itemscope=\"itemscope\" itemtype=\"https:\/\/schema.org\/CreativeWork\" ><a href='https:\/\/mathieutroquierdakar.alsace\/en\/rallye-du-maroc-2021\/' data-rel='slide-1' class='slide-image' title='Rallye du Maroc 2021'><img decoding=\"async\" fetchpriority=\"high\" width=\"495\" height=\"400\" src=\"https:\/\/i0.wp.com\/mathieutroquierdakar.alsace\/wp-content\/uploads\/2021\/11\/RC15989-scaled.jpg?resize=495%2C400&amp;ssl=1\" class=\"wp-image-629 avia-img-lazy-loading-not-629 attachment-portfolio size-portfolio wp-post-image\" alt=\"\" srcset=\"https:\/\/i0.wp.com\/mathieutroquierdakar.alsace\/wp-content\/uploads\/2021\/11\/RC15989-scaled.jpg?resize=495%2C400&amp;ssl=1 495w, https:\/\/i0.wp.com\/mathieutroquierdakar.alsace\/wp-content\/uploads\/2021\/11\/RC15989-scaled.jpg?resize=845%2C684&amp;ssl=1 845w, https:\/\/i0.wp.com\/mathieutroquierdakar.alsace\/wp-content\/uploads\/2021\/11\/RC15989-scaled.jpg?zoom=2&amp;resize=495%2C400&amp;ssl=1 990w, https:\/\/i0.wp.com\/mathieutroquierdakar.alsace\/wp-content\/uploads\/2021\/11\/RC15989-scaled.jpg?zoom=3&amp;resize=495%2C400&amp;ssl=1 1485w\" sizes=\"(max-width: 495px) 100vw, 495px\" \/><\/a><div class=\"slide-content\"><header class=\"entry-content-header\" aria-label=\"Slide: Rallye du Maroc 2021\"><h3 class='slide-entry-title entry-title'  itemprop=\"headline\" ><a href='https:\/\/mathieutroquierdakar.alsace\/en\/rallye-du-maroc-2021\/' title='Rallye du Maroc 2021'>Rallye du Maroc 2021<\/a><\/h3><span class=\"blog-categories minor-meta\"><a href=\"https:\/\/mathieutroquierdakar.alsace\/en\/category\/actualites\/\" rel=\"tag\">Actualit\u00e9s<\/a> <\/span><span class=\"av-vertical-delimiter\"><\/span><\/header><div class='slide-entry-excerpt entry-content'  itemprop=\"text\" >Finisher du Rallye du Maroc 2021, Mathieu valide officiellement sa participation au Dakar 2023<div class=\"read-more-link\"><a href=\"https:\/\/mathieutroquierdakar.alsace\/en\/rallye-du-maroc-2021\/\" class=\"more-link\">Read more<span class=\"more-link-arrow\"><\/span><\/a><\/div><\/div><\/div><footer class=\"entry-footer\"><div class=\"slide-meta\"><time class='slide-meta-time updated'  itemprop=\"datePublished\" datetime=\"2021-11-17T13:30:39+00:00\" >November 17, 2021<\/time><div class=\"slide-meta-del\">\/<\/div><div class=\"slide-meta-comments\"><a href='https:\/\/mathieutroquierdakar.alsace\/en\/rallye-du-maroc-2021\/#respond'>0 Comments<\/a><\/div><\/div><\/footer><span class='hidden'>\n\t\t\t\t<span class='av-structured-data'  itemprop=\"image\" itemscope=\"itemscope\" itemtype=\"https:\/\/schema.org\/ImageObject\" >\n\t\t\t\t\t\t<span itemprop='url'>https:\/\/i0.wp.com\/mathieutroquierdakar.alsace\/wp-content\/uploads\/2021\/11\/RC15989-scaled.jpg?fit=2560%2C1707&ssl=1<\/span>\n\t\t\t\t\t\t<span itemprop='height'>1707<\/span>\n\t\t\t\t\t\t<span itemprop='width'>2560<\/span>\n\t\t\t\t<\/span>\n\t\t\t\t<span class='av-structured-data'  itemprop=\"publisher\" itemtype=\"https:\/\/schema.org\/Organization\" itemscope=\"itemscope\" >\n\t\t\t\t\t\t<span itemprop='name'>admin<\/span>\n\t\t\t\t\t\t<span itemprop='logo' itemscope itemtype='https:\/\/schema.org\/ImageObject'>\n\t\t\t\t\t\t\t<span itemprop='url'>https:\/\/mathieutroquierdakar.alsace\/wp-content\/uploads\/2021\/01\/Fichier-1-1.png<\/span>\n\t\t\t\t\t\t<\/span>\n\t\t\t\t<\/span><span class='av-structured-data'  itemprop=\"author\" itemscope=\"itemscope\" itemtype=\"https:\/\/schema.org\/Person\" ><span itemprop='name'>admin<\/span><\/span><span class='av-structured-data'  itemprop=\"datePublished\" datetime=\"2021-05-04T13:50:54+00:00\" >2021-11-17 13:30:39<\/span><span class='av-structured-data'  itemprop=\"dateModified\" itemtype=\"https:\/\/schema.org\/dateModified\" >2021-11-17 13:38:11<\/span><span class='av-structured-data'  itemprop=\"mainEntityOfPage\" itemtype=\"https:\/\/schema.org\/mainEntityOfPage\" ><span itemprop='name'>Rallye du Maroc 2021<\/span><\/span><\/span><\/article><\/div><\/div><\/div>","protected":false},"excerpt":{"rendered":"","protected":false},"author":1,"featured_media":0,"parent":0,"menu_order":0,"comment_status":"closed","ping_status":"closed","template":"","meta":{"footnotes":""},"class_list":["post-528","page","type-page","status-publish","hentry"],"yoast_head":"<!-- This site is optimized with the Yoast SEO plugin v27.1.1 - https:\/\/yoast.com\/product\/yoast-seo-wordpress\/ -->\n<title>Revue de presse - Mathieu Troquier DAKAR<\/title>\n<meta name=\"robots\" content=\"index, follow, max-snippet:-1, max-image-preview:large, max-video-preview:-1\" \/>\n<link rel=\"canonical\" href=\"https:\/\/mathieutroquierdakar.alsace\/en\/revue-de-presse\/\" \/>\n<meta property=\"og:locale\" content=\"en_US\" \/>\n<meta property=\"og:type\" content=\"article\" \/>\n<meta property=\"og:title\" content=\"Revue de presse - Mathieu Troquier DAKAR\" \/>\n<meta property=\"og:url\" content=\"https:\/\/mathieutroquierdakar.alsace\/en\/revue-de-presse\/\" \/>\n<meta property=\"og:site_name\" content=\"Mathieu Troquier DAKAR\" \/>\n<meta property=\"article:publisher\" content=\"https:\/\/www.facebook.com\/MathieuTroquier22\" \/>\n<meta property=\"article:modified_time\" content=\"2021-11-17T13:43:50+00:00\" \/>\n<meta name=\"twitter:card\" content=\"summary_large_image\" \/>\n<meta name=\"twitter:label1\" content=\"Est. reading time\" \/>\n\t<meta name=\"twitter:data1\" content=\"2 minutes\" \/>\n<script type=\"application\/ld+json\" class=\"yoast-schema-graph\">{\"@context\":\"https:\/\/schema.org\",\"@graph\":[{\"@type\":\"WebPage\",\"@id\":\"https:\/\/mathieutroquierdakar.alsace\/revue-de-presse\/\",\"url\":\"https:\/\/mathieutroquierdakar.alsace\/revue-de-presse\/\",\"name\":\"Revue de presse - Mathieu Troquier DAKAR\",\"isPartOf\":{\"@id\":\"https:\/\/mathieutroquierdakar.alsace\/#website\"},\"datePublished\":\"2021-05-04T13:50:54+00:00\",\"dateModified\":\"2021-11-17T13:43:50+00:00\",\"breadcrumb\":{\"@id\":\"https:\/\/mathieutroquierdakar.alsace\/revue-de-presse\/#breadcrumb\"},\"inLanguage\":\"en-US\",\"potentialAction\":[{\"@type\":\"ReadAction\",\"target\":[\"https:\/\/mathieutroquierdakar.alsace\/revue-de-presse\/\"]}]},{\"@type\":\"BreadcrumbList\",\"@id\":\"https:\/\/mathieutroquierdakar.alsace\/revue-de-presse\/#breadcrumb\",\"itemListElement\":[{\"@type\":\"ListItem\",\"position\":1,\"name\":\"Home\",\"item\":\"https:\/\/mathieutroquierdakar.alsace\/mathieu-troquier-objectif-dakar-2023\/\"},{\"@type\":\"ListItem\",\"position\":2,\"name\":\"Revue de presse\"}]},{\"@type\":\"WebSite\",\"@id\":\"https:\/\/mathieutroquierdakar.alsace\/#website\",\"url\":\"https:\/\/mathieutroquierdakar.alsace\/\",\"name\":\"Mathieu Troquier DAKAR\",\"description\":\"Un alsacien au Dakar 2026\",\"publisher\":{\"@id\":\"https:\/\/mathieutroquierdakar.alsace\/#organization\"},\"potentialAction\":[{\"@type\":\"SearchAction\",\"target\":{\"@type\":\"EntryPoint\",\"urlTemplate\":\"https:\/\/mathieutroquierdakar.alsace\/?s={search_term_string}\"},\"query-input\":{\"@type\":\"PropertyValueSpecification\",\"valueRequired\":true,\"valueName\":\"search_term_string\"}}],\"inLanguage\":\"en-US\"},{\"@type\":\"Organization\",\"@id\":\"https:\/\/mathieutroquierdakar.alsace\/#organization\",\"name\":\"Mathieu Troquier DAKAR\",\"url\":\"https:\/\/mathieutroquierdakar.alsace\/\",\"logo\":{\"@type\":\"ImageObject\",\"inLanguage\":\"en-US\",\"@id\":\"https:\/\/mathieutroquierdakar.alsace\/#\/schema\/logo\/image\/\",\"url\":\"https:\/\/i0.wp.com\/mathieutroquierdakar.alsace\/wp-content\/uploads\/2021\/01\/Fichier-1-1.png?fit=382%2C170&ssl=1\",\"contentUrl\":\"https:\/\/i0.wp.com\/mathieutroquierdakar.alsace\/wp-content\/uploads\/2021\/01\/Fichier-1-1.png?fit=382%2C170&ssl=1\",\"width\":382,\"height\":170,\"caption\":\"Mathieu Troquier DAKAR\"},\"image\":{\"@id\":\"https:\/\/mathieutroquierdakar.alsace\/#\/schema\/logo\/image\/\"},\"sameAs\":[\"https:\/\/www.facebook.com\/MathieuTroquier22\",\"https:\/\/www.instagram.com\/mathieutroquier\"]}]}<\/script>\n<!-- \/ Yoast SEO plugin. -->","yoast_head_json":{"title":"Revue de presse - Mathieu Troquier DAKAR","robots":{"index":"index","follow":"follow","max-snippet":"max-snippet:-1","max-image-preview":"max-image-preview:large","max-video-preview":"max-video-preview:-1"},"canonical":"https:\/\/mathieutroquierdakar.alsace\/en\/revue-de-presse\/","og_locale":"en_US","og_type":"article","og_title":"Revue de presse - Mathieu Troquier DAKAR","og_url":"https:\/\/mathieutroquierdakar.alsace\/en\/revue-de-presse\/","og_site_name":"Mathieu Troquier DAKAR","article_publisher":"https:\/\/www.facebook.com\/MathieuTroquier22","article_modified_time":"2021-11-17T13:43:50+00:00","twitter_card":"summary_large_image","twitter_misc":{"Est. reading time":"2 minutes"},"schema":{"@context":"https:\/\/schema.org","@graph":[{"@type":"WebPage","@id":"https:\/\/mathieutroquierdakar.alsace\/revue-de-presse\/","url":"https:\/\/mathieutroquierdakar.alsace\/revue-de-presse\/","name":"Revue de presse - Mathieu Troquier DAKAR","isPartOf":{"@id":"https:\/\/mathieutroquierdakar.alsace\/#website"},"datePublished":"2021-05-04T13:50:54+00:00","dateModified":"2021-11-17T13:43:50+00:00","breadcrumb":{"@id":"https:\/\/mathieutroquierdakar.alsace\/revue-de-presse\/#breadcrumb"},"inLanguage":"en-US","potentialAction":[{"@type":"ReadAction","target":["https:\/\/mathieutroquierdakar.alsace\/revue-de-presse\/"]}]},{"@type":"BreadcrumbList","@id":"https:\/\/mathieutroquierdakar.alsace\/revue-de-presse\/#breadcrumb","itemListElement":[{"@type":"ListItem","position":1,"name":"Home","item":"https:\/\/mathieutroquierdakar.alsace\/mathieu-troquier-objectif-dakar-2023\/"},{"@type":"ListItem","position":2,"name":"Revue de presse"}]},{"@type":"WebSite","@id":"https:\/\/mathieutroquierdakar.alsace\/#website","url":"https:\/\/mathieutroquierdakar.alsace\/","name":"Mathieu Troquier DAKAR","description":"Un alsacien au Dakar 2026","publisher":{"@id":"https:\/\/mathieutroquierdakar.alsace\/#organization"},"potentialAction":[{"@type":"SearchAction","target":{"@type":"EntryPoint","urlTemplate":"https:\/\/mathieutroquierdakar.alsace\/?s={search_term_string}"},"query-input":{"@type":"PropertyValueSpecification","valueRequired":true,"valueName":"search_term_string"}}],"inLanguage":"en-US"},{"@type":"Organization","@id":"https:\/\/mathieutroquierdakar.alsace\/#organization","name":"Mathieu Troquier DAKAR","url":"https:\/\/mathieutroquierdakar.alsace\/","logo":{"@type":"ImageObject","inLanguage":"en-US","@id":"https:\/\/mathieutroquierdakar.alsace\/#\/schema\/logo\/image\/","url":"https:\/\/i0.wp.com\/mathieutroquierdakar.alsace\/wp-content\/uploads\/2021\/01\/Fichier-1-1.png?fit=382%2C170&ssl=1","contentUrl":"https:\/\/i0.wp.com\/mathieutroquierdakar.alsace\/wp-content\/uploads\/2021\/01\/Fichier-1-1.png?fit=382%2C170&ssl=1","width":382,"height":170,"caption":"Mathieu Troquier DAKAR"},"image":{"@id":"https:\/\/mathieutroquierdakar.alsace\/#\/schema\/logo\/image\/"},"sameAs":["https:\/\/www.facebook.com\/MathieuTroquier22","https:\/\/www.instagram.com\/mathieutroquier"]}]}},"jetpack_sharing_enabled":true,"_links":{"self":[{"href":"https:\/\/mathieutroquierdakar.alsace\/en\/wp-json\/wp\/v2\/pages\/528","targetHints":{"allow":["GET"]}}],"collection":[{"href":"https:\/\/mathieutroquierdakar.alsace\/en\/wp-json\/wp\/v2\/pages"}],"about":[{"href":"https:\/\/mathieutroquierdakar.alsace\/en\/wp-json\/wp\/v2\/types\/page"}],"author":[{"embeddable":true,"href":"https:\/\/mathieutroquierdakar.alsace\/en\/wp-json\/wp\/v2\/users\/1"}],"replies":[{"embeddable":true,"href":"https:\/\/mathieutroquierdakar.alsace\/en\/wp-json\/wp\/v2\/comments?post=528"}],"version-history":[{"count":8,"href":"https:\/\/mathieutroquierdakar.alsace\/en\/wp-json\/wp\/v2\/pages\/528\/revisions"}],"predecessor-version":[{"id":727,"href":"https:\/\/mathieutroquierdakar.alsace\/en\/wp-json\/wp\/v2\/pages\/528\/revisions\/727"}],"wp:attachment":[{"href":"https:\/\/mathieutroquierdakar.alsace\/en\/wp-json\/wp\/v2\/media?parent=528"}],"curies":[{"name":"wp","href":"https:\/\/api.w.org\/{rel}","templated":true}]}}