{"id":540,"date":"2021-06-14T15:20:51","date_gmt":"2021-06-14T15:20:51","guid":{"rendered":"https:\/\/mathieutroquierdakar.alsace\/?page_id=540"},"modified":"2022-05-20T09:39:11","modified_gmt":"2022-05-20T09:39:11","slug":"dual-slalom-du-schlumpf-dolleren-by-reverse-components","status":"publish","type":"page","link":"https:\/\/mathieutroquierdakar.alsace\/en\/dual-slalom-du-schlumpf-dolleren-by-reverse-components\/","title":{"rendered":"DUAL SLALOM by REVERSE Components"},"content":{"rendered":"<section  class='av_textblock_section av-kpwqnoho-873a7f4e958e7ee46ceeff64d277b1a0'   itemscope=\"itemscope\" itemtype=\"https:\/\/schema.org\/CreativeWork\" ><div class='avia_textblock'  itemprop=\"text\" ><h1>DUAL SLALOM du Schlumpf (Dolleren) by REVERSE Components &#8211; 2022<\/h1>\n<\/div><\/section>\n\n<style type=\"text\/css\" data-created_by=\"avia_inline_auto\" id=\"style-css-av-cq8k4-a362b516eef10a434879fef8348dcd68\">\n.flex_column.av-cq8k4-a362b516eef10a434879fef8348dcd68{\nborder-radius:0px 0px 0px 0px;\npadding:0px 0px 0px 0px;\n}\n<\/style>\n<div  class='flex_column av-cq8k4-a362b516eef10a434879fef8348dcd68 av_one_half  avia-builder-el-1  el_after_av_textblock  el_before_av_one_half  first flex_column_div av-zero-column-padding  column-top-margin'     ><p><section  class='av_textblock_section av-kpwqqdpt-7398987623f17e55b4e4fb162232037d'   itemscope=\"itemscope\" itemtype=\"https:\/\/schema.org\/CreativeWork\" ><div class='avia_textblock'  itemprop=\"text\" ><p>Soyez les bienvenus pour une journ\u00e9e de pilotage et de fun pour tous les fans d&rsquo;adr\u00e9naline !<\/p>\n<h3>Au programme une \u00e9preuve de Dual Slalom qui se compose de 2 parcours parall\u00e8les o\u00f9 seul votre pilotage fera la diff\u00e9rence et l&rsquo;occasion de vous affronter \u00e0 d&rsquo;autres riders.<\/h3>\n<p>En <u>mode course<\/u>\u00a0ou en\u00a0<u>session libre<\/u>, le plaisir avant tous et une opportunit\u00e9e pour festoyer entre bikers et discuter des projets de la station.<br \/>\nNous vous proposerons \u00e9galement en partenariat avec ALSACE BIKE TOUR des sorties d&rsquo;initiations d&rsquo;une heure pour vous faire d\u00e9couvrir le VTT \u00e9lectrique (10 euros, inscriptions sur place).<\/p>\n<\/div><\/section><br \/>\n<section  class='av_textblock_section av-l2yz73wg-d16973f765d8054d3f3de681376b4efc'   itemscope=\"itemscope\" itemtype=\"https:\/\/schema.org\/CreativeWork\" ><div class='avia_textblock'  itemprop=\"text\" ><p><span class=\"pq6dq46d tbxw36s4 knj5qynh kvgmc6g5 ditlmg2l oygrvhab nvdbi5me sf5mxxl7 gl3lb2sf hhz5lgdu\"><img loading=\"lazy\" decoding=\"async\" src=\"https:\/\/static.xx.fbcdn.net\/images\/emoji.php\/v9\/tab\/1\/16\/1f355.png\" alt=\"\ud83c\udf55\" width=\"16\" height=\"16\" \/><\/span><span class=\"pq6dq46d tbxw36s4 knj5qynh kvgmc6g5 ditlmg2l oygrvhab nvdbi5me sf5mxxl7 gl3lb2sf hhz5lgdu\"><img loading=\"lazy\" decoding=\"async\" src=\"https:\/\/static.xx.fbcdn.net\/images\/emoji.php\/v9\/t15\/1\/16\/1f37a.png\" alt=\"\ud83c\udf7a\" width=\"16\" height=\"16\" \/>\u00a0 \u00a0<\/span>RESTAURATION sur place : \u00a0<span class=\"pq6dq46d tbxw36s4 knj5qynh kvgmc6g5 ditlmg2l oygrvhab nvdbi5me sf5mxxl7 gl3lb2sf hhz5lgdu\"><img loading=\"lazy\" decoding=\"async\" src=\"https:\/\/static.xx.fbcdn.net\/images\/emoji.php\/v9\/t51\/1\/16\/1f449.png\" alt=\"\ud83d\udc49\" width=\"16\" height=\"16\" \/><\/span>\u00a0 Tartes flamb\u00e9es \u00a0<span class=\"pq6dq46d tbxw36s4 knj5qynh kvgmc6g5 ditlmg2l oygrvhab nvdbi5me sf5mxxl7 gl3lb2sf hhz5lgdu\"><img loading=\"lazy\" decoding=\"async\" src=\"https:\/\/static.xx.fbcdn.net\/images\/emoji.php\/v9\/t51\/1\/16\/1f449.png\" alt=\"\ud83d\udc49\" width=\"16\" height=\"16\" \/><\/span>\u00a0 Saucisses<\/p>\n<p><span class=\"pq6dq46d tbxw36s4 knj5qynh kvgmc6g5 ditlmg2l oygrvhab nvdbi5me sf5mxxl7 gl3lb2sf hhz5lgdu\"><img loading=\"lazy\" decoding=\"async\" src=\"https:\/\/static.xx.fbcdn.net\/images\/emoji.php\/v9\/t51\/1\/16\/1f449.png\" alt=\"\ud83d\udc49\" width=\"16\" height=\"16\" \/>\u00a0\u00a0<\/span>concert \u00a0\u00a0<span class=\"pq6dq46d tbxw36s4 knj5qynh kvgmc6g5 ditlmg2l oygrvhab nvdbi5me sf5mxxl7 gl3lb2sf hhz5lgdu\"><img loading=\"lazy\" decoding=\"async\" src=\"https:\/\/static.xx.fbcdn.net\/images\/emoji.php\/v9\/t51\/1\/16\/1f449.png\" alt=\"\ud83d\udc49\" width=\"16\" height=\"16\" \/>\u00a0\u00a0<\/span>feu d\u2019artifice<\/p>\n<\/div><\/section><br \/>\n<section  class='av_textblock_section av-kpwqqdpt-7398987623f17e55b4e4fb162232037d'   itemscope=\"itemscope\" itemtype=\"https:\/\/schema.org\/CreativeWork\" ><div class='avia_textblock'  itemprop=\"text\" ><h4><strong>Planning du samedi 25\u00a0juin, :<\/strong><\/h4>\n<ul>\n<li>7:00 Ouverture du Site.<\/li>\n<li>7:30 &#8211; 9:00 Remise des plaques.<\/li>\n<li>8:00 &#8211; 10:00 Reconnaissances de la piste.<\/li>\n<li>10:00 &#8211; 12:30 Temps chrono sur la piste bleue.<\/li>\n<li>10:00 &#8211; 12:30 Session Libre sur la piste route.<\/li>\n<li>12:30 &#8211; 13:00 Pause pour tout le monde<\/li>\n<li>13:00 &#8211; 14:00 Session Libre<\/li>\n<li>14:00 &#8211; 15:00 Les 20 meilleurs s&rsquo;affronteront !<\/li>\n<li>15:15 &#8211; 16: 45 Session Libre.<\/li>\n<li>17:00 &#8211; 17:45 Les 10 meilleurs s&rsquo;affronteront pour la demi finale !<\/li>\n<li>18:00 &#8211; 19:00 \u00a0Session Libre.<\/li>\n<li>19:15 Finale<\/li>\n<li>\n<div class=\"cxmmr5t8 oygrvhab hcukyx3x c1et5uql o9v6fnle\">21:00 concert <span class=\"pq6dq46d tbxw36s4 knj5qynh kvgmc6g5 ditlmg2l oygrvhab nvdbi5me sf5mxxl7 gl3lb2sf hhz5lgdu\"><img loading=\"lazy\" decoding=\"async\" src=\"https:\/\/static.xx.fbcdn.net\/images\/emoji.php\/v9\/t9e\/1\/16\/1f3b5.png\" alt=\"\ud83c\udfb5\" width=\"16\" height=\"16\" \/><\/span> <span class=\"pq6dq46d tbxw36s4 knj5qynh kvgmc6g5 ditlmg2l oygrvhab nvdbi5me sf5mxxl7 gl3lb2sf hhz5lgdu\"><img loading=\"lazy\" decoding=\"async\" src=\"https:\/\/static.xx.fbcdn.net\/images\/emoji.php\/v9\/t21\/1\/16\/1f3b8.png\" alt=\"\ud83c\udfb8\" width=\"16\" height=\"16\" \/><\/span><\/div>\n<\/li>\n<li>\n<div class=\"cxmmr5t8 oygrvhab hcukyx3x c1et5uql o9v6fnle\">23:00 feu d\u2019artifice <span class=\"pq6dq46d tbxw36s4 knj5qynh kvgmc6g5 ditlmg2l oygrvhab nvdbi5me sf5mxxl7 gl3lb2sf hhz5lgdu\"><img loading=\"lazy\" decoding=\"async\" src=\"https:\/\/static.xx.fbcdn.net\/images\/emoji.php\/v9\/t9\/1\/16\/1f386.png\" alt=\"\ud83c\udf86\" width=\"16\" height=\"16\" \/><\/span><\/div>\n<\/li>\n<\/ul>\n<ul>\n<li>9:00- 17:00 balade vtt \u00e9lectrique \u00a0avec ALSACE BIKE TOUR ( tour \u00a0de 1 h )<\/li>\n<\/ul>\n<ul>\n<li>\n<div class=\"cxmmr5t8 oygrvhab hcukyx3x c1et5uql o9v6fnle\"><span class=\"pq6dq46d tbxw36s4 knj5qynh kvgmc6g5 ditlmg2l oygrvhab nvdbi5me sf5mxxl7 gl3lb2sf hhz5lgdu\"><img loading=\"lazy\" decoding=\"async\" src=\"https:\/\/static.xx.fbcdn.net\/images\/emoji.php\/v9\/tab\/1\/16\/1f476.png\" alt=\"\ud83d\udc76\" width=\"16\" height=\"16\" \/><\/span>Parcours initiation pour les jeunes bikers<\/div>\n<\/li>\n<\/ul>\n<h4><strong>Planning du dimanche 26 juin :<\/strong><\/h4>\n<ul>\n<li>9:00- 16:00 Dual Slalom ( sessions libres )<\/li>\n<li>9:00- 17:00 balade vtt \u00e9lectrique \u00a0avec ALSACE BIKE TOUR ( tour \u00a0de 1 h )<\/li>\n<\/ul>\n<\/div><\/section><br \/>\n<section  class='av_textblock_section av-kpwqu6bn-74316889a344b44a5a18a2ad0ebc6f98'   itemscope=\"itemscope\" itemtype=\"https:\/\/schema.org\/CreativeWork\" ><div class='avia_textblock'  itemprop=\"text\" ><h3>INFORMATIONS<\/h3>\n<div>Pour des questions de s\u00e9curit\u00e9, il faut :<\/div>\n<ul>\n<li>un v\u00e9lo en \u00e9tat (tr\u00e8s important).<\/li>\n<li>Ensemble de protections obligatoire (casque int\u00e9gral, dorsale, genouill\u00e8res).<\/li>\n<li>Peser 40 kg minimum.<\/li>\n<li>Mesurer 1m45.<\/li>\n<li>Certificat d&rsquo;aptitude au sport ou une licence sportive.<\/li>\n<\/ul>\n<div><\/div>\n<div><\/div>\n<ul>\n<li>Attention ces param\u00e8tres seront v\u00e9rifi\u00e9s le jour des remises des plaques.<\/li>\n<li>La piste est praticable en semi-rigide mais pour plus de plaisir, un tout suspendu est recommand\u00e9.<\/li>\n<li>Les v\u00e9los \u00e9lectriques sont accept\u00e9s mais devront \u00eatre \u00e9teint lors du d\u00e9part pour des questions d&rsquo;\u00e9galit\u00e9.<\/li>\n<li>Si vous mesurez moins de 1M45 et pesez moins de 40 kg, vous ne pourrez pas remonter en remont\u00e9e m\u00e9canique pour des questions techniques.<\/li>\n<li>\n<div class=\"cxmmr5t8 oygrvhab hcukyx3x c1et5uql o9v6fnle\">Nous allons tester une solution pour les enfants qui ne remplissent pas ces crit\u00e8res. Restez connect\u00e9\u2026<\/div>\n<\/li>\n<\/ul>\n<\/div><\/section><\/p><\/div>\n<style type=\"text\/css\" data-created_by=\"avia_inline_auto\" id=\"style-css-av-72rpo-4896364467235bff7720916b553ff874\">\n.flex_column.av-72rpo-4896364467235bff7720916b553ff874{\nborder-radius:0px 0px 0px 0px;\npadding:0px 0px 0px 0px;\n}\n<\/style>\n<div  class='flex_column av-72rpo-4896364467235bff7720916b553ff874 av_one_half  avia-builder-el-6  el_after_av_one_half  avia-builder-el-last  flex_column_div av-zero-column-padding  column-top-margin'     ><section  class='av_textblock_section av-kpwrguec-44d282c08c24b0cc587cf72c5c4ee64d'   itemscope=\"itemscope\" itemtype=\"https:\/\/schema.org\/CreativeWork\" ><div class='avia_textblock'  itemprop=\"text\" ><h3>Inscriptions ouvertes.<\/h3>\n<p><a href=\"https:\/\/my.weezevent.com\/dual-slalom-du-schlumpf-dolleren\" target=\"_blank\" rel=\"noopener\">https:\/\/my.weezevent.com\/dual-slalom-du-schlumpf-dolleren<\/a><\/p>\n<\/div><\/section><br \/>\n<section  class='av_textblock_section av-kpwrguec-44d282c08c24b0cc587cf72c5c4ee64d'   itemscope=\"itemscope\" itemtype=\"https:\/\/schema.org\/CreativeWork\" ><div class='avia_textblock'  itemprop=\"text\" ><p><iframe loading=\"lazy\" style=\"border: none; overflow: hidden;\" src=\"https:\/\/www.facebook.com\/plugins\/post.php?href=https%3A%2F%2Fwww.facebook.com%2FMathieuTroquier22%2Fposts%2F386732380037161&#038;show_text=true&#038;width=500\" width=\"500\" height=\"827\" frameborder=\"0\" scrolling=\"no\" allowfullscreen=\"allowfullscreen\"><\/iframe><\/p>\n<\/div><\/section><br \/>\n\n<style type=\"text\/css\" data-created_by=\"avia_inline_auto\" id=\"style-css-av-kpwqpfhl-f4661d0e96effc4584fc8bbc85897722\">\n.avia-image-container.av-kpwqpfhl-f4661d0e96effc4584fc8bbc85897722 img.avia_image{\nbox-shadow:none;\n}\n.avia-image-container.av-kpwqpfhl-f4661d0e96effc4584fc8bbc85897722 .av-image-caption-overlay-center{\ncolor:#ffffff;\n}\n<\/style>\n<div  class='avia-image-container av-kpwqpfhl-f4661d0e96effc4584fc8bbc85897722 av-styling- avia-align-center  avia-builder-el-9  el_after_av_textblock  el_before_av_video'   itemprop=\"image\" itemscope=\"itemscope\" itemtype=\"https:\/\/schema.org\/ImageObject\" ><div class=\"avia-image-container-inner\"><div class=\"avia-image-overlay-wrap\"><img decoding=\"async\" fetchpriority=\"high\" class='wp-image-536 avia-img-lazy-loading-not-536 avia_image' src=\"https:\/\/i0.wp.com\/mathieutroquierdakar.alsace\/wp-content\/uploads\/2021\/06\/affiche_716311.thumb53700.1622875809.jpeg?fit=537%2C302&ssl=1\" alt='' title='affiche_716311.thumb53700.1622875809'  height=\"302\" width=\"537\"  itemprop=\"thumbnailUrl\" srcset=\"https:\/\/i0.wp.com\/mathieutroquierdakar.alsace\/wp-content\/uploads\/2021\/06\/affiche_716311.thumb53700.1622875809.jpeg?w=537&amp;ssl=1 537w, https:\/\/i0.wp.com\/mathieutroquierdakar.alsace\/wp-content\/uploads\/2021\/06\/affiche_716311.thumb53700.1622875809.jpeg?resize=300%2C169&amp;ssl=1 300w\" sizes=\"(max-width: 537px) 100vw, 537px\" \/><\/div><\/div><\/div><br \/>\n<div  class='avia-video av-kpwqr3r3-7758a19731a72ba57433e387927e857e avia-video-16-9 av-no-preview-image avia-video-load-always av-lazyload-immediate av-lazyload-video-embed'  itemprop=\"video\" itemtype=\"https:\/\/schema.org\/VideoObject\"  data-original_url='https:\/\/youtu.be\/qOtYnOrizgs'><script type='text\/html' class='av-video-tmpl'><div class='avia-iframe-wrap'><iframe loading=\"lazy\" title=\"DUAL SLALOM du SCHLUMPF by REVERSE COMPONENTS\" width=\"1500\" height=\"844\" src=\"https:\/\/www.youtube.com\/embed\/qOtYnOrizgs?feature=oembed&autoplay=0&loop=0&controls=1&mute=0\" frameborder=\"0\" allow=\"accelerometer; autoplay; clipboard-write; encrypted-media; gyroscope; picture-in-picture\" allowfullscreen><\/iframe><\/div><\/script><div class='av-click-to-play-overlay'><div class=\"avia_playpause_icon\"><\/div><\/div><\/div><br \/>\n<div  class='avia-video av-kpwqr3r3-a4e2d11c6f7777752e1381ea4d46ea8f avia-video-16-9 av-no-preview-image avia-video-load-always av-lazyload-immediate av-lazyload-video-embed'  itemprop=\"video\" itemtype=\"https:\/\/schema.org\/VideoObject\"  data-original_url='https:\/\/youtu.be\/6KgJ2x4wXdo'><script type='text\/html' class='av-video-tmpl'><div class='avia-iframe-wrap'><iframe loading=\"lazy\" title=\"Dual slalom Schlumpf 2021\" width=\"1500\" height=\"844\" src=\"https:\/\/www.youtube.com\/embed\/6KgJ2x4wXdo?feature=oembed&autoplay=0&loop=0&controls=1&mute=0\" frameborder=\"0\" allow=\"accelerometer; autoplay; clipboard-write; encrypted-media; gyroscope; picture-in-picture\" allowfullscreen><\/iframe><\/div><\/script><div class='av-click-to-play-overlay'><div class=\"avia_playpause_icon\"><\/div><\/div><\/div><br \/>\n\n<style type=\"text\/css\" data-created_by=\"avia_inline_auto\" id=\"style-css-av-kpwrdknr-abd33e63ce7584703fd59a576b6f0ba2\">\n#top .avia-gallery.av-kpwrdknr-abd33e63ce7584703fd59a576b6f0ba2 .avia-gallery-thumb a{\nwidth:20%;\n}\n<\/style>\n<div  class='avia-gallery av-kpwrdknr-abd33e63ce7584703fd59a576b6f0ba2 avia_animate_when_visible  avia-builder-el-12  el_after_av_video  avia-builder-el-last  avia_lazyload av-slideshow-ui av-loop-manual-endless av-control-hidden av-navigate-arrows av-navigate-dots hover-effect av-control-hidden avia-gallery-animate avia-gallery-1'  itemprop=\"image\" itemscope=\"itemscope\" itemtype=\"https:\/\/schema.org\/ImageObject\" ><meta itemprop=\"contentURL\" content=\"https:\/\/mathieutroquierdakar.alsace\/en\/dual-slalom-du-schlumpf-dolleren-by-reverse-components\/\"><a class='avia-gallery-big fakeLightbox lightbox avia-gallery-big-crop-thumb' href=\"https:\/\/i0.wp.com\/mathieutroquierdakar.alsace\/wp-content\/uploads\/2021\/06\/IMG_2225-scaled.jpg?fit=1030%2C687&amp;ssl=1\" data-srcset=\"https:\/\/i0.wp.com\/mathieutroquierdakar.alsace\/wp-content\/uploads\/2021\/06\/IMG_2225-scaled.jpg?w=2560&amp;ssl=1 2560w, https:\/\/i0.wp.com\/mathieutroquierdakar.alsace\/wp-content\/uploads\/2021\/06\/IMG_2225-scaled.jpg?resize=300%2C200&amp;ssl=1 300w, https:\/\/i0.wp.com\/mathieutroquierdakar.alsace\/wp-content\/uploads\/2021\/06\/IMG_2225-scaled.jpg?resize=1030%2C687&amp;ssl=1 1030w, https:\/\/i0.wp.com\/mathieutroquierdakar.alsace\/wp-content\/uploads\/2021\/06\/IMG_2225-scaled.jpg?resize=768%2C512&amp;ssl=1 768w, https:\/\/i0.wp.com\/mathieutroquierdakar.alsace\/wp-content\/uploads\/2021\/06\/IMG_2225-scaled.jpg?resize=1536%2C1024&amp;ssl=1 1536w, https:\/\/i0.wp.com\/mathieutroquierdakar.alsace\/wp-content\/uploads\/2021\/06\/IMG_2225-scaled.jpg?resize=2048%2C1365&amp;ssl=1 2048w, https:\/\/i0.wp.com\/mathieutroquierdakar.alsace\/wp-content\/uploads\/2021\/06\/IMG_2225-scaled.jpg?resize=1500%2C1000&amp;ssl=1 1500w, https:\/\/i0.wp.com\/mathieutroquierdakar.alsace\/wp-content\/uploads\/2021\/06\/IMG_2225-scaled.jpg?resize=705%2C470&amp;ssl=1 705w\" data-sizes=\"(max-width: 1030px) 100vw, 1030px\"  data-onclick='1' title='IMG_2225' ><span class='avia-gallery-big-inner'  itemprop=\"thumbnailUrl\" ><img decoding=\"async\" fetchpriority=\"high\" class=\"wp-image-552 avia-img-lazy-loading-not-552\"  width=\"495\" height=\"400\" src=\"https:\/\/i0.wp.com\/mathieutroquierdakar.alsace\/wp-content\/uploads\/2021\/06\/IMG_2225-scaled.jpg?resize=495%2C400&ssl=1\" title='IMG_2225' alt='' srcset=\"https:\/\/i0.wp.com\/mathieutroquierdakar.alsace\/wp-content\/uploads\/2021\/06\/IMG_2225-scaled.jpg?resize=495%2C400&amp;ssl=1 495w, https:\/\/i0.wp.com\/mathieutroquierdakar.alsace\/wp-content\/uploads\/2021\/06\/IMG_2225-scaled.jpg?resize=845%2C684&amp;ssl=1 845w, https:\/\/i0.wp.com\/mathieutroquierdakar.alsace\/wp-content\/uploads\/2021\/06\/IMG_2225-scaled.jpg?zoom=2&amp;resize=495%2C400&amp;ssl=1 990w, https:\/\/i0.wp.com\/mathieutroquierdakar.alsace\/wp-content\/uploads\/2021\/06\/IMG_2225-scaled.jpg?zoom=3&amp;resize=495%2C400&amp;ssl=1 1485w\" sizes=\"(max-width: 495px) 100vw, 495px\" \/><\/span><\/a><div class='avia-gallery-thumb'><a href=\"https:\/\/i0.wp.com\/mathieutroquierdakar.alsace\/wp-content\/uploads\/2021\/06\/IMG_2225-scaled.jpg?fit=1030%2C687&amp;ssl=1\" data-srcset=\"https:\/\/i0.wp.com\/mathieutroquierdakar.alsace\/wp-content\/uploads\/2021\/06\/IMG_2225-scaled.jpg?w=2560&amp;ssl=1 2560w, https:\/\/i0.wp.com\/mathieutroquierdakar.alsace\/wp-content\/uploads\/2021\/06\/IMG_2225-scaled.jpg?resize=300%2C200&amp;ssl=1 300w, https:\/\/i0.wp.com\/mathieutroquierdakar.alsace\/wp-content\/uploads\/2021\/06\/IMG_2225-scaled.jpg?resize=1030%2C687&amp;ssl=1 1030w, https:\/\/i0.wp.com\/mathieutroquierdakar.alsace\/wp-content\/uploads\/2021\/06\/IMG_2225-scaled.jpg?resize=768%2C512&amp;ssl=1 768w, https:\/\/i0.wp.com\/mathieutroquierdakar.alsace\/wp-content\/uploads\/2021\/06\/IMG_2225-scaled.jpg?resize=1536%2C1024&amp;ssl=1 1536w, https:\/\/i0.wp.com\/mathieutroquierdakar.alsace\/wp-content\/uploads\/2021\/06\/IMG_2225-scaled.jpg?resize=2048%2C1365&amp;ssl=1 2048w, https:\/\/i0.wp.com\/mathieutroquierdakar.alsace\/wp-content\/uploads\/2021\/06\/IMG_2225-scaled.jpg?resize=1500%2C1000&amp;ssl=1 1500w, https:\/\/i0.wp.com\/mathieutroquierdakar.alsace\/wp-content\/uploads\/2021\/06\/IMG_2225-scaled.jpg?resize=705%2C470&amp;ssl=1 705w\" data-sizes=\"(max-width: 1030px) 100vw, 1030px\" data-rel='gallery-1' data-prev-img='https:\/\/i0.wp.com\/mathieutroquierdakar.alsace\/wp-content\/uploads\/2021\/06\/IMG_2225-scaled.jpg?resize=495%2C400&ssl=1' class='first_thumb lightbox' data-onclick='1' title='IMG_2225'  itemprop=\"thumbnailUrl\"  ><img decoding=\"async\" fetchpriority=\"high\" class=\"wp-image-552 avia-img-lazy-loading-not-552\"   src=\"https:\/\/i0.wp.com\/mathieutroquierdakar.alsace\/wp-content\/uploads\/2021\/06\/IMG_2225-scaled.jpg?resize=495%2C400&ssl=1\" width=\"495\" height=\"400\"  title='IMG_2225' alt='' srcset=\"https:\/\/i0.wp.com\/mathieutroquierdakar.alsace\/wp-content\/uploads\/2021\/06\/IMG_2225-scaled.jpg?resize=495%2C400&amp;ssl=1 495w, https:\/\/i0.wp.com\/mathieutroquierdakar.alsace\/wp-content\/uploads\/2021\/06\/IMG_2225-scaled.jpg?resize=845%2C684&amp;ssl=1 845w, https:\/\/i0.wp.com\/mathieutroquierdakar.alsace\/wp-content\/uploads\/2021\/06\/IMG_2225-scaled.jpg?zoom=2&amp;resize=495%2C400&amp;ssl=1 990w, https:\/\/i0.wp.com\/mathieutroquierdakar.alsace\/wp-content\/uploads\/2021\/06\/IMG_2225-scaled.jpg?zoom=3&amp;resize=495%2C400&amp;ssl=1 1485w\" sizes=\"(max-width: 495px) 100vw, 495px\" \/><div class='big-prev-fake'><img decoding=\"async\" loading=\"lazy\" class=\"wp-image-552 avia-img-lazy-loading-552\"  width=\"495\" height=\"400\" src=\"https:\/\/i0.wp.com\/mathieutroquierdakar.alsace\/wp-content\/uploads\/2021\/06\/IMG_2225-scaled.jpg?resize=495%2C400&ssl=1\" title='IMG_2225' alt='' srcset=\"https:\/\/i0.wp.com\/mathieutroquierdakar.alsace\/wp-content\/uploads\/2021\/06\/IMG_2225-scaled.jpg?resize=495%2C400&amp;ssl=1 495w, https:\/\/i0.wp.com\/mathieutroquierdakar.alsace\/wp-content\/uploads\/2021\/06\/IMG_2225-scaled.jpg?resize=845%2C684&amp;ssl=1 845w, https:\/\/i0.wp.com\/mathieutroquierdakar.alsace\/wp-content\/uploads\/2021\/06\/IMG_2225-scaled.jpg?zoom=2&amp;resize=495%2C400&amp;ssl=1 990w, https:\/\/i0.wp.com\/mathieutroquierdakar.alsace\/wp-content\/uploads\/2021\/06\/IMG_2225-scaled.jpg?zoom=3&amp;resize=495%2C400&amp;ssl=1 1485w\" sizes=\"auto, (max-width: 495px) 100vw, 495px\" \/><\/div><\/a><a href=\"https:\/\/i0.wp.com\/mathieutroquierdakar.alsace\/wp-content\/uploads\/2021\/06\/IMG_2216-scaled.jpg?fit=1030%2C687&amp;ssl=1\" data-srcset=\"https:\/\/i0.wp.com\/mathieutroquierdakar.alsace\/wp-content\/uploads\/2021\/06\/IMG_2216-scaled.jpg?w=2560&amp;ssl=1 2560w, https:\/\/i0.wp.com\/mathieutroquierdakar.alsace\/wp-content\/uploads\/2021\/06\/IMG_2216-scaled.jpg?resize=300%2C200&amp;ssl=1 300w, https:\/\/i0.wp.com\/mathieutroquierdakar.alsace\/wp-content\/uploads\/2021\/06\/IMG_2216-scaled.jpg?resize=1030%2C687&amp;ssl=1 1030w, https:\/\/i0.wp.com\/mathieutroquierdakar.alsace\/wp-content\/uploads\/2021\/06\/IMG_2216-scaled.jpg?resize=768%2C512&amp;ssl=1 768w, https:\/\/i0.wp.com\/mathieutroquierdakar.alsace\/wp-content\/uploads\/2021\/06\/IMG_2216-scaled.jpg?resize=1536%2C1024&amp;ssl=1 1536w, https:\/\/i0.wp.com\/mathieutroquierdakar.alsace\/wp-content\/uploads\/2021\/06\/IMG_2216-scaled.jpg?resize=2048%2C1365&amp;ssl=1 2048w, https:\/\/i0.wp.com\/mathieutroquierdakar.alsace\/wp-content\/uploads\/2021\/06\/IMG_2216-scaled.jpg?resize=1500%2C1000&amp;ssl=1 1500w, https:\/\/i0.wp.com\/mathieutroquierdakar.alsace\/wp-content\/uploads\/2021\/06\/IMG_2216-scaled.jpg?resize=705%2C470&amp;ssl=1 705w\" data-sizes=\"(max-width: 1030px) 100vw, 1030px\" data-rel='gallery-1' data-prev-img='https:\/\/i0.wp.com\/mathieutroquierdakar.alsace\/wp-content\/uploads\/2021\/06\/IMG_2216-scaled.jpg?resize=495%2C400&ssl=1' class='lightbox' data-onclick='2' title='IMG_2216'  itemprop=\"thumbnailUrl\"  ><img decoding=\"async\" fetchpriority=\"high\" class=\"wp-image-551 avia-img-lazy-loading-not-551\"   src=\"https:\/\/i0.wp.com\/mathieutroquierdakar.alsace\/wp-content\/uploads\/2021\/06\/IMG_2216-scaled.jpg?resize=495%2C400&ssl=1\" width=\"495\" height=\"400\"  title='IMG_2216' alt='' srcset=\"https:\/\/i0.wp.com\/mathieutroquierdakar.alsace\/wp-content\/uploads\/2021\/06\/IMG_2216-scaled.jpg?resize=495%2C400&amp;ssl=1 495w, https:\/\/i0.wp.com\/mathieutroquierdakar.alsace\/wp-content\/uploads\/2021\/06\/IMG_2216-scaled.jpg?resize=845%2C684&amp;ssl=1 845w, https:\/\/i0.wp.com\/mathieutroquierdakar.alsace\/wp-content\/uploads\/2021\/06\/IMG_2216-scaled.jpg?zoom=2&amp;resize=495%2C400&amp;ssl=1 990w, https:\/\/i0.wp.com\/mathieutroquierdakar.alsace\/wp-content\/uploads\/2021\/06\/IMG_2216-scaled.jpg?zoom=3&amp;resize=495%2C400&amp;ssl=1 1485w\" sizes=\"(max-width: 495px) 100vw, 495px\" \/><div class='big-prev-fake'><img decoding=\"async\" loading=\"lazy\" class=\"wp-image-551 avia-img-lazy-loading-551\"  width=\"495\" height=\"400\" src=\"https:\/\/i0.wp.com\/mathieutroquierdakar.alsace\/wp-content\/uploads\/2021\/06\/IMG_2216-scaled.jpg?resize=495%2C400&ssl=1\" title='IMG_2216' alt='' srcset=\"https:\/\/i0.wp.com\/mathieutroquierdakar.alsace\/wp-content\/uploads\/2021\/06\/IMG_2216-scaled.jpg?resize=495%2C400&amp;ssl=1 495w, https:\/\/i0.wp.com\/mathieutroquierdakar.alsace\/wp-content\/uploads\/2021\/06\/IMG_2216-scaled.jpg?resize=845%2C684&amp;ssl=1 845w, https:\/\/i0.wp.com\/mathieutroquierdakar.alsace\/wp-content\/uploads\/2021\/06\/IMG_2216-scaled.jpg?zoom=2&amp;resize=495%2C400&amp;ssl=1 990w, https:\/\/i0.wp.com\/mathieutroquierdakar.alsace\/wp-content\/uploads\/2021\/06\/IMG_2216-scaled.jpg?zoom=3&amp;resize=495%2C400&amp;ssl=1 1485w\" sizes=\"auto, (max-width: 495px) 100vw, 495px\" \/><\/div><\/a><a href=\"https:\/\/i0.wp.com\/mathieutroquierdakar.alsace\/wp-content\/uploads\/2021\/06\/IMG_2199-scaled.jpg?fit=1030%2C687&amp;ssl=1\" data-srcset=\"https:\/\/i0.wp.com\/mathieutroquierdakar.alsace\/wp-content\/uploads\/2021\/06\/IMG_2199-scaled.jpg?w=2560&amp;ssl=1 2560w, https:\/\/i0.wp.com\/mathieutroquierdakar.alsace\/wp-content\/uploads\/2021\/06\/IMG_2199-scaled.jpg?resize=300%2C200&amp;ssl=1 300w, https:\/\/i0.wp.com\/mathieutroquierdakar.alsace\/wp-content\/uploads\/2021\/06\/IMG_2199-scaled.jpg?resize=1030%2C687&amp;ssl=1 1030w, https:\/\/i0.wp.com\/mathieutroquierdakar.alsace\/wp-content\/uploads\/2021\/06\/IMG_2199-scaled.jpg?resize=768%2C512&amp;ssl=1 768w, https:\/\/i0.wp.com\/mathieutroquierdakar.alsace\/wp-content\/uploads\/2021\/06\/IMG_2199-scaled.jpg?resize=1536%2C1024&amp;ssl=1 1536w, https:\/\/i0.wp.com\/mathieutroquierdakar.alsace\/wp-content\/uploads\/2021\/06\/IMG_2199-scaled.jpg?resize=2048%2C1365&amp;ssl=1 2048w, https:\/\/i0.wp.com\/mathieutroquierdakar.alsace\/wp-content\/uploads\/2021\/06\/IMG_2199-scaled.jpg?resize=1500%2C1000&amp;ssl=1 1500w, https:\/\/i0.wp.com\/mathieutroquierdakar.alsace\/wp-content\/uploads\/2021\/06\/IMG_2199-scaled.jpg?resize=705%2C470&amp;ssl=1 705w\" data-sizes=\"(max-width: 1030px) 100vw, 1030px\" data-rel='gallery-1' data-prev-img='https:\/\/i0.wp.com\/mathieutroquierdakar.alsace\/wp-content\/uploads\/2021\/06\/IMG_2199-scaled.jpg?resize=495%2C400&ssl=1' class='lightbox' data-onclick='3' title='IMG_2199'  itemprop=\"thumbnailUrl\"  ><img decoding=\"async\" fetchpriority=\"high\" class=\"wp-image-550 avia-img-lazy-loading-not-550\"   src=\"https:\/\/i0.wp.com\/mathieutroquierdakar.alsace\/wp-content\/uploads\/2021\/06\/IMG_2199-scaled.jpg?resize=495%2C400&ssl=1\" width=\"495\" height=\"400\"  title='IMG_2199' alt='' srcset=\"https:\/\/i0.wp.com\/mathieutroquierdakar.alsace\/wp-content\/uploads\/2021\/06\/IMG_2199-scaled.jpg?resize=495%2C400&amp;ssl=1 495w, https:\/\/i0.wp.com\/mathieutroquierdakar.alsace\/wp-content\/uploads\/2021\/06\/IMG_2199-scaled.jpg?resize=845%2C684&amp;ssl=1 845w, https:\/\/i0.wp.com\/mathieutroquierdakar.alsace\/wp-content\/uploads\/2021\/06\/IMG_2199-scaled.jpg?zoom=2&amp;resize=495%2C400&amp;ssl=1 990w, https:\/\/i0.wp.com\/mathieutroquierdakar.alsace\/wp-content\/uploads\/2021\/06\/IMG_2199-scaled.jpg?zoom=3&amp;resize=495%2C400&amp;ssl=1 1485w\" sizes=\"(max-width: 495px) 100vw, 495px\" \/><div class='big-prev-fake'><img decoding=\"async\" loading=\"lazy\" class=\"wp-image-550 avia-img-lazy-loading-550\"  width=\"495\" height=\"400\" src=\"https:\/\/i0.wp.com\/mathieutroquierdakar.alsace\/wp-content\/uploads\/2021\/06\/IMG_2199-scaled.jpg?resize=495%2C400&ssl=1\" title='IMG_2199' alt='' srcset=\"https:\/\/i0.wp.com\/mathieutroquierdakar.alsace\/wp-content\/uploads\/2021\/06\/IMG_2199-scaled.jpg?resize=495%2C400&amp;ssl=1 495w, https:\/\/i0.wp.com\/mathieutroquierdakar.alsace\/wp-content\/uploads\/2021\/06\/IMG_2199-scaled.jpg?resize=845%2C684&amp;ssl=1 845w, https:\/\/i0.wp.com\/mathieutroquierdakar.alsace\/wp-content\/uploads\/2021\/06\/IMG_2199-scaled.jpg?zoom=2&amp;resize=495%2C400&amp;ssl=1 990w, https:\/\/i0.wp.com\/mathieutroquierdakar.alsace\/wp-content\/uploads\/2021\/06\/IMG_2199-scaled.jpg?zoom=3&amp;resize=495%2C400&amp;ssl=1 1485w\" sizes=\"auto, (max-width: 495px) 100vw, 495px\" \/><\/div><\/a><a href=\"https:\/\/i0.wp.com\/mathieutroquierdakar.alsace\/wp-content\/uploads\/2021\/06\/IMG_2197-scaled.jpg?fit=1030%2C687&amp;ssl=1\" data-srcset=\"https:\/\/i0.wp.com\/mathieutroquierdakar.alsace\/wp-content\/uploads\/2021\/06\/IMG_2197-scaled.jpg?w=2560&amp;ssl=1 2560w, https:\/\/i0.wp.com\/mathieutroquierdakar.alsace\/wp-content\/uploads\/2021\/06\/IMG_2197-scaled.jpg?resize=300%2C200&amp;ssl=1 300w, https:\/\/i0.wp.com\/mathieutroquierdakar.alsace\/wp-content\/uploads\/2021\/06\/IMG_2197-scaled.jpg?resize=1030%2C687&amp;ssl=1 1030w, https:\/\/i0.wp.com\/mathieutroquierdakar.alsace\/wp-content\/uploads\/2021\/06\/IMG_2197-scaled.jpg?resize=768%2C512&amp;ssl=1 768w, https:\/\/i0.wp.com\/mathieutroquierdakar.alsace\/wp-content\/uploads\/2021\/06\/IMG_2197-scaled.jpg?resize=1536%2C1024&amp;ssl=1 1536w, https:\/\/i0.wp.com\/mathieutroquierdakar.alsace\/wp-content\/uploads\/2021\/06\/IMG_2197-scaled.jpg?resize=2048%2C1365&amp;ssl=1 2048w, https:\/\/i0.wp.com\/mathieutroquierdakar.alsace\/wp-content\/uploads\/2021\/06\/IMG_2197-scaled.jpg?resize=1500%2C1000&amp;ssl=1 1500w, https:\/\/i0.wp.com\/mathieutroquierdakar.alsace\/wp-content\/uploads\/2021\/06\/IMG_2197-scaled.jpg?resize=705%2C470&amp;ssl=1 705w\" data-sizes=\"(max-width: 1030px) 100vw, 1030px\" data-rel='gallery-1' data-prev-img='https:\/\/i0.wp.com\/mathieutroquierdakar.alsace\/wp-content\/uploads\/2021\/06\/IMG_2197-scaled.jpg?resize=495%2C400&ssl=1' class='lightbox' data-onclick='4' title='IMG_2197'  itemprop=\"thumbnailUrl\"  ><img decoding=\"async\" fetchpriority=\"high\" class=\"wp-image-549 avia-img-lazy-loading-not-549\"   src=\"https:\/\/i0.wp.com\/mathieutroquierdakar.alsace\/wp-content\/uploads\/2021\/06\/IMG_2197-scaled.jpg?resize=495%2C400&ssl=1\" width=\"495\" height=\"400\"  title='IMG_2197' alt='' srcset=\"https:\/\/i0.wp.com\/mathieutroquierdakar.alsace\/wp-content\/uploads\/2021\/06\/IMG_2197-scaled.jpg?resize=495%2C400&amp;ssl=1 495w, https:\/\/i0.wp.com\/mathieutroquierdakar.alsace\/wp-content\/uploads\/2021\/06\/IMG_2197-scaled.jpg?resize=845%2C684&amp;ssl=1 845w, https:\/\/i0.wp.com\/mathieutroquierdakar.alsace\/wp-content\/uploads\/2021\/06\/IMG_2197-scaled.jpg?zoom=2&amp;resize=495%2C400&amp;ssl=1 990w, https:\/\/i0.wp.com\/mathieutroquierdakar.alsace\/wp-content\/uploads\/2021\/06\/IMG_2197-scaled.jpg?zoom=3&amp;resize=495%2C400&amp;ssl=1 1485w\" sizes=\"(max-width: 495px) 100vw, 495px\" \/><div class='big-prev-fake'><img decoding=\"async\" loading=\"lazy\" class=\"wp-image-549 avia-img-lazy-loading-549\"  width=\"495\" height=\"400\" src=\"https:\/\/i0.wp.com\/mathieutroquierdakar.alsace\/wp-content\/uploads\/2021\/06\/IMG_2197-scaled.jpg?resize=495%2C400&ssl=1\" title='IMG_2197' alt='' srcset=\"https:\/\/i0.wp.com\/mathieutroquierdakar.alsace\/wp-content\/uploads\/2021\/06\/IMG_2197-scaled.jpg?resize=495%2C400&amp;ssl=1 495w, https:\/\/i0.wp.com\/mathieutroquierdakar.alsace\/wp-content\/uploads\/2021\/06\/IMG_2197-scaled.jpg?resize=845%2C684&amp;ssl=1 845w, https:\/\/i0.wp.com\/mathieutroquierdakar.alsace\/wp-content\/uploads\/2021\/06\/IMG_2197-scaled.jpg?zoom=2&amp;resize=495%2C400&amp;ssl=1 990w, https:\/\/i0.wp.com\/mathieutroquierdakar.alsace\/wp-content\/uploads\/2021\/06\/IMG_2197-scaled.jpg?zoom=3&amp;resize=495%2C400&amp;ssl=1 1485w\" sizes=\"auto, (max-width: 495px) 100vw, 495px\" \/><\/div><\/a><a href=\"https:\/\/i0.wp.com\/mathieutroquierdakar.alsace\/wp-content\/uploads\/2021\/06\/IMG_2195-scaled.jpg?fit=1030%2C687&amp;ssl=1\" data-srcset=\"https:\/\/i0.wp.com\/mathieutroquierdakar.alsace\/wp-content\/uploads\/2021\/06\/IMG_2195-scaled.jpg?w=2560&amp;ssl=1 2560w, https:\/\/i0.wp.com\/mathieutroquierdakar.alsace\/wp-content\/uploads\/2021\/06\/IMG_2195-scaled.jpg?resize=300%2C200&amp;ssl=1 300w, https:\/\/i0.wp.com\/mathieutroquierdakar.alsace\/wp-content\/uploads\/2021\/06\/IMG_2195-scaled.jpg?resize=1030%2C687&amp;ssl=1 1030w, https:\/\/i0.wp.com\/mathieutroquierdakar.alsace\/wp-content\/uploads\/2021\/06\/IMG_2195-scaled.jpg?resize=768%2C512&amp;ssl=1 768w, https:\/\/i0.wp.com\/mathieutroquierdakar.alsace\/wp-content\/uploads\/2021\/06\/IMG_2195-scaled.jpg?resize=1536%2C1024&amp;ssl=1 1536w, https:\/\/i0.wp.com\/mathieutroquierdakar.alsace\/wp-content\/uploads\/2021\/06\/IMG_2195-scaled.jpg?resize=2048%2C1365&amp;ssl=1 2048w, https:\/\/i0.wp.com\/mathieutroquierdakar.alsace\/wp-content\/uploads\/2021\/06\/IMG_2195-scaled.jpg?resize=1500%2C1000&amp;ssl=1 1500w, https:\/\/i0.wp.com\/mathieutroquierdakar.alsace\/wp-content\/uploads\/2021\/06\/IMG_2195-scaled.jpg?resize=705%2C470&amp;ssl=1 705w\" data-sizes=\"(max-width: 1030px) 100vw, 1030px\" data-rel='gallery-1' data-prev-img='https:\/\/i0.wp.com\/mathieutroquierdakar.alsace\/wp-content\/uploads\/2021\/06\/IMG_2195-scaled.jpg?resize=495%2C400&ssl=1' class='lightbox' data-onclick='5' title='IMG_2195'  itemprop=\"thumbnailUrl\"  ><img decoding=\"async\" fetchpriority=\"high\" class=\"wp-image-548 avia-img-lazy-loading-not-548\"   src=\"https:\/\/i0.wp.com\/mathieutroquierdakar.alsace\/wp-content\/uploads\/2021\/06\/IMG_2195-scaled.jpg?resize=495%2C400&ssl=1\" width=\"495\" height=\"400\"  title='IMG_2195' alt='' srcset=\"https:\/\/i0.wp.com\/mathieutroquierdakar.alsace\/wp-content\/uploads\/2021\/06\/IMG_2195-scaled.jpg?resize=495%2C400&amp;ssl=1 495w, https:\/\/i0.wp.com\/mathieutroquierdakar.alsace\/wp-content\/uploads\/2021\/06\/IMG_2195-scaled.jpg?resize=845%2C684&amp;ssl=1 845w, https:\/\/i0.wp.com\/mathieutroquierdakar.alsace\/wp-content\/uploads\/2021\/06\/IMG_2195-scaled.jpg?zoom=2&amp;resize=495%2C400&amp;ssl=1 990w, https:\/\/i0.wp.com\/mathieutroquierdakar.alsace\/wp-content\/uploads\/2021\/06\/IMG_2195-scaled.jpg?zoom=3&amp;resize=495%2C400&amp;ssl=1 1485w\" sizes=\"(max-width: 495px) 100vw, 495px\" \/><div class='big-prev-fake'><img decoding=\"async\" loading=\"lazy\" class=\"wp-image-548 avia-img-lazy-loading-548\"  width=\"495\" height=\"400\" src=\"https:\/\/i0.wp.com\/mathieutroquierdakar.alsace\/wp-content\/uploads\/2021\/06\/IMG_2195-scaled.jpg?resize=495%2C400&ssl=1\" title='IMG_2195' alt='' srcset=\"https:\/\/i0.wp.com\/mathieutroquierdakar.alsace\/wp-content\/uploads\/2021\/06\/IMG_2195-scaled.jpg?resize=495%2C400&amp;ssl=1 495w, https:\/\/i0.wp.com\/mathieutroquierdakar.alsace\/wp-content\/uploads\/2021\/06\/IMG_2195-scaled.jpg?resize=845%2C684&amp;ssl=1 845w, https:\/\/i0.wp.com\/mathieutroquierdakar.alsace\/wp-content\/uploads\/2021\/06\/IMG_2195-scaled.jpg?zoom=2&amp;resize=495%2C400&amp;ssl=1 990w, https:\/\/i0.wp.com\/mathieutroquierdakar.alsace\/wp-content\/uploads\/2021\/06\/IMG_2195-scaled.jpg?zoom=3&amp;resize=495%2C400&amp;ssl=1 1485w\" sizes=\"auto, (max-width: 495px) 100vw, 495px\" \/><\/div><\/a><\/div><\/div><\/p><\/div><\/p>","protected":false},"excerpt":{"rendered":"","protected":false},"author":1,"featured_media":0,"parent":0,"menu_order":0,"comment_status":"closed","ping_status":"closed","template":"","meta":{"footnotes":""},"class_list":["post-540","page","type-page","status-publish","hentry"],"yoast_head":"<!-- This site is optimized with the Yoast SEO plugin v27.1.1 - https:\/\/yoast.com\/product\/yoast-seo-wordpress\/ -->\n<title>DUAL SLALOM by REVERSE Components - Mathieu Troquier DAKAR<\/title>\n<meta name=\"robots\" content=\"index, follow, max-snippet:-1, max-image-preview:large, max-video-preview:-1\" \/>\n<link rel=\"canonical\" href=\"https:\/\/mathieutroquierdakar.alsace\/en\/dual-slalom-du-schlumpf-dolleren-by-reverse-components\/\" \/>\n<meta property=\"og:locale\" content=\"en_US\" \/>\n<meta property=\"og:type\" content=\"article\" \/>\n<meta property=\"og:title\" content=\"DUAL SLALOM by REVERSE Components - Mathieu Troquier DAKAR\" \/>\n<meta property=\"og:url\" content=\"https:\/\/mathieutroquierdakar.alsace\/en\/dual-slalom-du-schlumpf-dolleren-by-reverse-components\/\" \/>\n<meta property=\"og:site_name\" content=\"Mathieu Troquier DAKAR\" \/>\n<meta property=\"article:publisher\" content=\"https:\/\/www.facebook.com\/MathieuTroquier22\" \/>\n<meta property=\"article:modified_time\" content=\"2022-05-20T09:39:11+00:00\" \/>\n<meta property=\"og:image\" content=\"https:\/\/static.xx.fbcdn.net\/images\/emoji.php\/v9\/tab\/1\/16\/1f355.png\" \/>\n<meta name=\"twitter:card\" content=\"summary_large_image\" \/>\n<meta name=\"twitter:label1\" content=\"Est. reading time\" \/>\n\t<meta name=\"twitter:data1\" content=\"6 minutes\" \/>\n<script type=\"application\/ld+json\" class=\"yoast-schema-graph\">{\"@context\":\"https:\/\/schema.org\",\"@graph\":[{\"@type\":\"WebPage\",\"@id\":\"https:\/\/mathieutroquierdakar.alsace\/dual-slalom-du-schlumpf-dolleren-by-reverse-components\/\",\"url\":\"https:\/\/mathieutroquierdakar.alsace\/dual-slalom-du-schlumpf-dolleren-by-reverse-components\/\",\"name\":\"DUAL SLALOM by REVERSE Components - Mathieu Troquier DAKAR\",\"isPartOf\":{\"@id\":\"https:\/\/mathieutroquierdakar.alsace\/#website\"},\"primaryImageOfPage\":{\"@id\":\"https:\/\/mathieutroquierdakar.alsace\/dual-slalom-du-schlumpf-dolleren-by-reverse-components\/#primaryimage\"},\"image\":{\"@id\":\"https:\/\/mathieutroquierdakar.alsace\/dual-slalom-du-schlumpf-dolleren-by-reverse-components\/#primaryimage\"},\"thumbnailUrl\":\"https:\/\/static.xx.fbcdn.net\/images\/emoji.php\/v9\/tab\/1\/16\/1f355.png\",\"datePublished\":\"2021-06-14T15:20:51+00:00\",\"dateModified\":\"2022-05-20T09:39:11+00:00\",\"breadcrumb\":{\"@id\":\"https:\/\/mathieutroquierdakar.alsace\/dual-slalom-du-schlumpf-dolleren-by-reverse-components\/#breadcrumb\"},\"inLanguage\":\"en-US\",\"potentialAction\":[{\"@type\":\"ReadAction\",\"target\":[\"https:\/\/mathieutroquierdakar.alsace\/dual-slalom-du-schlumpf-dolleren-by-reverse-components\/\"]}]},{\"@type\":\"ImageObject\",\"inLanguage\":\"en-US\",\"@id\":\"https:\/\/mathieutroquierdakar.alsace\/dual-slalom-du-schlumpf-dolleren-by-reverse-components\/#primaryimage\",\"url\":\"https:\/\/static.xx.fbcdn.net\/images\/emoji.php\/v9\/tab\/1\/16\/1f355.png\",\"contentUrl\":\"https:\/\/static.xx.fbcdn.net\/images\/emoji.php\/v9\/tab\/1\/16\/1f355.png\"},{\"@type\":\"BreadcrumbList\",\"@id\":\"https:\/\/mathieutroquierdakar.alsace\/dual-slalom-du-schlumpf-dolleren-by-reverse-components\/#breadcrumb\",\"itemListElement\":[{\"@type\":\"ListItem\",\"position\":1,\"name\":\"Home\",\"item\":\"https:\/\/mathieutroquierdakar.alsace\/mathieu-troquier-objectif-dakar-2023\/\"},{\"@type\":\"ListItem\",\"position\":2,\"name\":\"DUAL SLALOM by REVERSE Components\"}]},{\"@type\":\"WebSite\",\"@id\":\"https:\/\/mathieutroquierdakar.alsace\/#website\",\"url\":\"https:\/\/mathieutroquierdakar.alsace\/\",\"name\":\"Mathieu Troquier DAKAR\",\"description\":\"Un alsacien au Dakar 2026\",\"publisher\":{\"@id\":\"https:\/\/mathieutroquierdakar.alsace\/#organization\"},\"potentialAction\":[{\"@type\":\"SearchAction\",\"target\":{\"@type\":\"EntryPoint\",\"urlTemplate\":\"https:\/\/mathieutroquierdakar.alsace\/?s={search_term_string}\"},\"query-input\":{\"@type\":\"PropertyValueSpecification\",\"valueRequired\":true,\"valueName\":\"search_term_string\"}}],\"inLanguage\":\"en-US\"},{\"@type\":\"Organization\",\"@id\":\"https:\/\/mathieutroquierdakar.alsace\/#organization\",\"name\":\"Mathieu Troquier DAKAR\",\"url\":\"https:\/\/mathieutroquierdakar.alsace\/\",\"logo\":{\"@type\":\"ImageObject\",\"inLanguage\":\"en-US\",\"@id\":\"https:\/\/mathieutroquierdakar.alsace\/#\/schema\/logo\/image\/\",\"url\":\"https:\/\/i0.wp.com\/mathieutroquierdakar.alsace\/wp-content\/uploads\/2021\/01\/Fichier-1-1.png?fit=382%2C170&ssl=1\",\"contentUrl\":\"https:\/\/i0.wp.com\/mathieutroquierdakar.alsace\/wp-content\/uploads\/2021\/01\/Fichier-1-1.png?fit=382%2C170&ssl=1\",\"width\":382,\"height\":170,\"caption\":\"Mathieu Troquier DAKAR\"},\"image\":{\"@id\":\"https:\/\/mathieutroquierdakar.alsace\/#\/schema\/logo\/image\/\"},\"sameAs\":[\"https:\/\/www.facebook.com\/MathieuTroquier22\",\"https:\/\/www.instagram.com\/mathieutroquier\"]}]}<\/script>\n<!-- \/ Yoast SEO plugin. -->","yoast_head_json":{"title":"DUAL SLALOM by REVERSE Components - Mathieu Troquier DAKAR","robots":{"index":"index","follow":"follow","max-snippet":"max-snippet:-1","max-image-preview":"max-image-preview:large","max-video-preview":"max-video-preview:-1"},"canonical":"https:\/\/mathieutroquierdakar.alsace\/en\/dual-slalom-du-schlumpf-dolleren-by-reverse-components\/","og_locale":"en_US","og_type":"article","og_title":"DUAL SLALOM by REVERSE Components - Mathieu Troquier DAKAR","og_url":"https:\/\/mathieutroquierdakar.alsace\/en\/dual-slalom-du-schlumpf-dolleren-by-reverse-components\/","og_site_name":"Mathieu Troquier DAKAR","article_publisher":"https:\/\/www.facebook.com\/MathieuTroquier22","article_modified_time":"2022-05-20T09:39:11+00:00","og_image":[{"url":"https:\/\/static.xx.fbcdn.net\/images\/emoji.php\/v9\/tab\/1\/16\/1f355.png","type":"","width":"","height":""}],"twitter_card":"summary_large_image","twitter_misc":{"Est. reading time":"6 minutes"},"schema":{"@context":"https:\/\/schema.org","@graph":[{"@type":"WebPage","@id":"https:\/\/mathieutroquierdakar.alsace\/dual-slalom-du-schlumpf-dolleren-by-reverse-components\/","url":"https:\/\/mathieutroquierdakar.alsace\/dual-slalom-du-schlumpf-dolleren-by-reverse-components\/","name":"DUAL SLALOM by REVERSE Components - Mathieu Troquier DAKAR","isPartOf":{"@id":"https:\/\/mathieutroquierdakar.alsace\/#website"},"primaryImageOfPage":{"@id":"https:\/\/mathieutroquierdakar.alsace\/dual-slalom-du-schlumpf-dolleren-by-reverse-components\/#primaryimage"},"image":{"@id":"https:\/\/mathieutroquierdakar.alsace\/dual-slalom-du-schlumpf-dolleren-by-reverse-components\/#primaryimage"},"thumbnailUrl":"https:\/\/static.xx.fbcdn.net\/images\/emoji.php\/v9\/tab\/1\/16\/1f355.png","datePublished":"2021-06-14T15:20:51+00:00","dateModified":"2022-05-20T09:39:11+00:00","breadcrumb":{"@id":"https:\/\/mathieutroquierdakar.alsace\/dual-slalom-du-schlumpf-dolleren-by-reverse-components\/#breadcrumb"},"inLanguage":"en-US","potentialAction":[{"@type":"ReadAction","target":["https:\/\/mathieutroquierdakar.alsace\/dual-slalom-du-schlumpf-dolleren-by-reverse-components\/"]}]},{"@type":"ImageObject","inLanguage":"en-US","@id":"https:\/\/mathieutroquierdakar.alsace\/dual-slalom-du-schlumpf-dolleren-by-reverse-components\/#primaryimage","url":"https:\/\/static.xx.fbcdn.net\/images\/emoji.php\/v9\/tab\/1\/16\/1f355.png","contentUrl":"https:\/\/static.xx.fbcdn.net\/images\/emoji.php\/v9\/tab\/1\/16\/1f355.png"},{"@type":"BreadcrumbList","@id":"https:\/\/mathieutroquierdakar.alsace\/dual-slalom-du-schlumpf-dolleren-by-reverse-components\/#breadcrumb","itemListElement":[{"@type":"ListItem","position":1,"name":"Home","item":"https:\/\/mathieutroquierdakar.alsace\/mathieu-troquier-objectif-dakar-2023\/"},{"@type":"ListItem","position":2,"name":"DUAL SLALOM by REVERSE Components"}]},{"@type":"WebSite","@id":"https:\/\/mathieutroquierdakar.alsace\/#website","url":"https:\/\/mathieutroquierdakar.alsace\/","name":"Mathieu Troquier DAKAR","description":"Un alsacien au Dakar 2026","publisher":{"@id":"https:\/\/mathieutroquierdakar.alsace\/#organization"},"potentialAction":[{"@type":"SearchAction","target":{"@type":"EntryPoint","urlTemplate":"https:\/\/mathieutroquierdakar.alsace\/?s={search_term_string}"},"query-input":{"@type":"PropertyValueSpecification","valueRequired":true,"valueName":"search_term_string"}}],"inLanguage":"en-US"},{"@type":"Organization","@id":"https:\/\/mathieutroquierdakar.alsace\/#organization","name":"Mathieu Troquier DAKAR","url":"https:\/\/mathieutroquierdakar.alsace\/","logo":{"@type":"ImageObject","inLanguage":"en-US","@id":"https:\/\/mathieutroquierdakar.alsace\/#\/schema\/logo\/image\/","url":"https:\/\/i0.wp.com\/mathieutroquierdakar.alsace\/wp-content\/uploads\/2021\/01\/Fichier-1-1.png?fit=382%2C170&ssl=1","contentUrl":"https:\/\/i0.wp.com\/mathieutroquierdakar.alsace\/wp-content\/uploads\/2021\/01\/Fichier-1-1.png?fit=382%2C170&ssl=1","width":382,"height":170,"caption":"Mathieu Troquier DAKAR"},"image":{"@id":"https:\/\/mathieutroquierdakar.alsace\/#\/schema\/logo\/image\/"},"sameAs":["https:\/\/www.facebook.com\/MathieuTroquier22","https:\/\/www.instagram.com\/mathieutroquier"]}]}},"jetpack_sharing_enabled":true,"_links":{"self":[{"href":"https:\/\/mathieutroquierdakar.alsace\/en\/wp-json\/wp\/v2\/pages\/540","targetHints":{"allow":["GET"]}}],"collection":[{"href":"https:\/\/mathieutroquierdakar.alsace\/en\/wp-json\/wp\/v2\/pages"}],"about":[{"href":"https:\/\/mathieutroquierdakar.alsace\/en\/wp-json\/wp\/v2\/types\/page"}],"author":[{"embeddable":true,"href":"https:\/\/mathieutroquierdakar.alsace\/en\/wp-json\/wp\/v2\/users\/1"}],"replies":[{"embeddable":true,"href":"https:\/\/mathieutroquierdakar.alsace\/en\/wp-json\/wp\/v2\/comments?post=540"}],"version-history":[{"count":25,"href":"https:\/\/mathieutroquierdakar.alsace\/en\/wp-json\/wp\/v2\/pages\/540\/revisions"}],"predecessor-version":[{"id":793,"href":"https:\/\/mathieutroquierdakar.alsace\/en\/wp-json\/wp\/v2\/pages\/540\/revisions\/793"}],"wp:attachment":[{"href":"https:\/\/mathieutroquierdakar.alsace\/en\/wp-json\/wp\/v2\/media?parent=540"}],"curies":[{"name":"wp","href":"https:\/\/api.w.org\/{rel}","templated":true}]}}